{"id":4033,"date":"2020-07-09T09:16:06","date_gmt":"2020-07-09T07:16:06","guid":{"rendered":"https:\/\/www.placonsultoria.com\/qui-som\/"},"modified":"2022-12-03T22:03:28","modified_gmt":"2022-12-03T21:03:28","slug":"qui-som","status":"publish","type":"page","link":"https:\/\/www.placonsultoria.com\/ca\/qui-som\/","title":{"rendered":"Qui som"},"content":{"rendered":"<p>[et_pb_section fb_built=&#8221;1&#8243; admin_label=&#8221;Cap\u00e7alera&#8221; _builder_version=&#8221;4.16&#8243; _module_preset=&#8221;default&#8221; use_background_color_gradient=&#8221;on&#8221; background_color_gradient_stops=&#8221;rgba(0,0,0,0) 51%|#000000 100%&#8221; background_color_gradient_start=&#8221;rgba(0,0,0,0)&#8221; background_color_gradient_start_position=&#8221;51%&#8221; background_color_gradient_end=&#8221;#000000&#8243; background_image=&#8221;https:\/\/www.placonsultoria.com\/wp-content\/uploads\/2020\/09\/quienes-somos-1-scaled.jpg&#8221; parallax=&#8221;on&#8221; custom_margin=&#8221;0px||0px||false|false&#8221; custom_padding=&#8221;0px||0px||false|false&#8221; background_last_edited=&#8221;on|phone&#8221; use_background_color_gradient_tablet=&#8221;off&#8221; parallax_phone=&#8221;on&#8221; background_position_phone=&#8221;top_right&#8221; collapsed=&#8221;on&#8221; global_colors_info=&#8221;{}&#8221;][et_pb_row custom_padding_last_edited=&#8221;on|phone&#8221; _builder_version=&#8221;4.16&#8243; _module_preset=&#8221;default&#8221; custom_margin=&#8221;||||false|false&#8221; custom_padding=&#8221;40vh||0px||false|false&#8221; custom_padding_tablet=&#8221;&#8221; custom_padding_phone=&#8221;20vh||||false|false&#8221; global_colors_info=&#8221;{}&#8221;][et_pb_column type=&#8221;4_4&#8243; _builder_version=&#8221;4.16&#8243; _module_preset=&#8221;default&#8221; global_colors_info=&#8221;{}&#8221;][et_pb_text _builder_version=&#8221;4.16&#8243; _module_preset=&#8221;d15edb5e-a40b-4002-97a6-e5103cfbb476&#8243; text_font_size=&#8221;24px&#8221; header_font_size_tablet=&#8221;&#8221; header_font_size_phone=&#8221;&#8221; header_font_size_last_edited=&#8221;on|desktop&#8221; global_colors_info=&#8221;{}&#8221;]<\/p>\n<h1><strong>Som <span class=\"destacat\">consultors<\/span> per vocaci\u00f3.<\/strong><br \/> Treballem per a tu.<\/h1>\n<p>[\/et_pb_text][\/et_pb_column][\/et_pb_row][et_pb_row column_structure=&#8221;3_4,1_4&#8243; _builder_version=&#8221;4.16&#8243; _module_preset=&#8221;default&#8221; custom_padding=&#8221;50px||50px||false|false&#8221; global_colors_info=&#8221;{}&#8221;][et_pb_column type=&#8221;3_4&#8243; _builder_version=&#8221;4.16&#8243; _module_preset=&#8221;default&#8221; global_colors_info=&#8221;{}&#8221;][et_pb_text _builder_version=&#8221;4.16&#8243; _module_preset=&#8221;d15edb5e-a40b-4002-97a6-e5103cfbb476&#8243; global_colors_info=&#8221;{}&#8221;]<\/p>\n<h2>\u00c9s a la nostra ess\u00e8ncia i explica la nostra hist\u00f2ria.<\/h2>\n<p class=\"hero-body\">Hem fet de la nostra passi\u00f3, &#8220;les relacions entre les persones&#8221;, la nostra professi\u00f3: Consultors de confian\u00e7a per a projectes de canvi organitzacional i Headhunting.<\/p>\n<p>[\/et_pb_text][\/et_pb_column][et_pb_column type=&#8221;1_4&#8243; _builder_version=&#8221;4.16&#8243; _module_preset=&#8221;default&#8221; global_colors_info=&#8221;{}&#8221;][\/et_pb_column][\/et_pb_row][\/et_pb_section][et_pb_section fb_built=&#8221;1&#8243; admin_label=&#8221;fons groc&#8221; _builder_version=&#8221;4.16&#8243; _module_preset=&#8221;default&#8221; background_color=&#8221;#589199&#8243; custom_padding=&#8221;0px||0px||false|false&#8221; custom_padding_tablet=&#8221;0px|75px|0px|75px|false|false&#8221; collapsed=&#8221;on&#8221; global_colors_info=&#8221;{}&#8221;][et_pb_row _builder_version=&#8221;4.16&#8243; _module_preset=&#8221;default&#8221; use_background_color_gradient=&#8221;on&#8221; background_color_gradient_direction=&#8221;225deg&#8221; background_color_gradient_stops=&#8221;#589199 25px|rgba(0,0,0,0) 25px&#8221; background_color_gradient_start=&#8221;#589199&#8243; background_color_gradient_start_position=&#8221;25px&#8221; background_color_gradient_end=&#8221;rgba(0,0,0,0)&#8221; background_color_gradient_end_position=&#8221;25px&#8221; global_colors_info=&#8221;{}&#8221;][et_pb_column type=&#8221;4_4&#8243; _builder_version=&#8221;4.16&#8243; _module_preset=&#8221;default&#8221; global_colors_info=&#8221;{}&#8221;][et_pb_text _builder_version=&#8221;4.16&#8243; _module_preset=&#8221;81c7dcbb-7831-4ade-8f95-d90f1e0d38fc&#8221; global_colors_info=&#8221;{}&#8221;]<\/p>\n<p>Nom\u00e9s coneixem una manera de treballar: dir-te clarament el que pensem, i fer les coses de l&#8217;\u00fanica manera que poden fer-se,&nbsp;<span class=\"destacat\">b\u00e9.<\/span><\/p>\n<p>[\/et_pb_text][\/et_pb_column][\/et_pb_row][\/et_pb_section][et_pb_section fb_built=&#8221;1&#8243; admin_label=&#8221;equip&#8221; _builder_version=&#8221;4.16&#8243; _module_preset=&#8221;default&#8221; custom_padding=&#8221;0px||1px|||&#8221; collapsed=&#8221;on&#8221; global_colors_info=&#8221;{}&#8221;][et_pb_row column_structure=&#8221;3_5,2_5&#8243; _builder_version=&#8221;4.16&#8243; _module_preset=&#8221;default&#8221; use_background_color_gradient=&#8221;on&#8221; background_color_gradient_direction=&#8221;225deg&#8221; background_color_gradient_stops=&#8221;#589199 25px|rgba(0,0,0,0) 25px&#8221; background_color_gradient_start=&#8221;#589199&#8243; background_color_gradient_start_position=&#8221;25px&#8221; background_color_gradient_end=&#8221;rgba(0,0,0,0)&#8221; background_color_gradient_end_position=&#8221;25px&#8221; custom_margin=&#8221;50px||0px||false|false&#8221; custom_padding=&#8221;5px||0px||false|false&#8221; global_colors_info=&#8221;{}&#8221;][et_pb_column type=&#8221;3_5&#8243; _builder_version=&#8221;4.16&#8243; _module_preset=&#8221;default&#8221; global_colors_info=&#8221;{}&#8221;][et_pb_text _builder_version=&#8221;4.16&#8243; _dynamic_attributes=&#8221;content&#8221; _module_preset=&#8221;default&#8221; text_text_color=&#8221;#1dd3b0&#8243; text_font_size=&#8221;20px&#8221; custom_margin=&#8221;0px||9px||false|false&#8221; global_colors_info=&#8221;{}&#8221;]@ET-DC@eyJkeW5hbWljIjp0cnVlLCJjb250ZW50IjoicG9zdF90aXRsZSIsInNldHRpbmdzIjp7ImJlZm9yZSI6IiIsImFmdGVyIjoiIn19@[\/et_pb_text][\/et_pb_column][et_pb_column type=&#8221;2_5&#8243; _builder_version=&#8221;4.16&#8243; _module_preset=&#8221;default&#8221; global_colors_info=&#8221;{}&#8221;][\/et_pb_column][\/et_pb_row][et_pb_row column_structure=&#8221;3_5,2_5&#8243; _builder_version=&#8221;4.16&#8243; _module_preset=&#8221;default&#8221; custom_margin=&#8221;0px||||false|false&#8221; custom_padding=&#8221;0px|0px||0px|false|false&#8221; global_colors_info=&#8221;{}&#8221;][et_pb_column type=&#8221;3_5&#8243; _builder_version=&#8221;4.16&#8243; _module_preset=&#8221;default&#8221; global_colors_info=&#8221;{}&#8221;][et_pb_text _builder_version=&#8221;4.16&#8243; _module_preset=&#8221;default&#8221; header_font_size=&#8221;52px&#8221; header_2_font_size=&#8221;40px&#8221; header_3_text_color=&#8221;#000000&#8243; custom_padding=&#8221;0px||10px||false|false&#8221; global_colors_info=&#8221;{}&#8221;]<\/p>\n<h2>Un equip divers<\/h2>\n<p>[\/et_pb_text][et_pb_text _builder_version=&#8221;4.16&#8243; _module_preset=&#8221;default&#8221; header_font=&#8221;DM Sans||||||||&#8221; header_2_font_size=&#8221;40px&#8221; header_3_font=&#8221;DM Sans|600|||||||&#8221; header_3_text_color=&#8221;#000000&#8243; header_3_font_size=&#8221;18px&#8221; custom_padding=&#8221;0px||10px||false|false&#8221; global_colors_info=&#8221;{}&#8221;]<\/p>\n<h3>Estem connectats per un prop\u00f2sit i una forma de fer consultoria<\/h3>\n<p>[\/et_pb_text][\/et_pb_column][et_pb_column type=&#8221;2_5&#8243; _builder_version=&#8221;4.16&#8243; _module_preset=&#8221;default&#8221; global_colors_info=&#8221;{}&#8221;][\/et_pb_column][\/et_pb_row][et_pb_row column_structure=&#8221;1_2,1_2&#8243; _builder_version=&#8221;4.16&#8243; _module_preset=&#8221;default&#8221; background_color_gradient_direction=&#8221;225deg&#8221; custom_padding=&#8221;0px||50px||false|false&#8221; global_colors_info=&#8221;{}&#8221;][et_pb_column type=&#8221;1_2&#8243; _builder_version=&#8221;4.16&#8243; _module_preset=&#8221;default&#8221; global_colors_info=&#8221;{}&#8221;][et_pb_text _builder_version=&#8221;4.16&#8243; _module_preset=&#8221;default&#8221; text_font_size=&#8221;15px&#8221; background_color=&#8221;rgba(0,0,0,0)&#8221; global_colors_info=&#8221;{}&#8221;]Fundada el 1985 com a consultora especialitzada en recerca i selecci\u00f3 de directius. El 2004 vam decidir liderar una nova manera de fer consultoria d&#8217;organitzaci\u00f3 i persones. Des de llavors perseguim cada dia un somni: <strong>Compartir la nostra visi\u00f3 del valor de les persones com a eix fonamental a totes les organitzacions.<\/strong><br \/>&nbsp;[\/et_pb_text][\/et_pb_column][et_pb_column type=&#8221;1_2&#8243; _builder_version=&#8221;4.16&#8243; _module_preset=&#8221;default&#8221; global_colors_info=&#8221;{}&#8221;][et_pb_text _builder_version=&#8221;4.16&#8243; _module_preset=&#8221;default&#8221; text_font_size=&#8221;15px&#8221; background_color=&#8221;rgba(0,0,0,0)&#8221; global_colors_info=&#8221;{}&#8221;]Ens mobilitzem en funci\u00f3 dels projectes en qu\u00e8 podem generar valor. Ens complementem perqu\u00e8 ens uneix el que ens fa diferents: ser experts en diferents \u00e0mbits.[\/et_pb_text][\/et_pb_column][\/et_pb_row][et_pb_row column_structure=&#8221;1_4,1_4,1_4,1_4&#8243; use_custom_gutter=&#8221;on&#8221; gutter_width=&#8221;2&#8243; admin_label=&#8221;fila-equip&#8221; module_class=&#8221;fila-equip&#8221; _builder_version=&#8221;4.16&#8243; _module_preset=&#8221;default&#8221; global_colors_info=&#8221;{}&#8221;][et_pb_column type=&#8221;1_4&#8243; _builder_version=&#8221;4.16&#8243; _module_preset=&#8221;default&#8221; global_colors_info=&#8221;{}&#8221;][et_pb_image src=&#8221;https:\/\/www.placonsultoria.com\/wp-content\/uploads\/2020\/08\/Web-Pla\u0300_Equip_Jordi-Pla\u0300.jpg&#8221; title_text=&#8221;Web Pla\u0300_Equip_Jordi Pla\u0300&#8221; module_class=&#8221;photo_link&#8221; _builder_version=&#8221;4.16&#8243; _module_preset=&#8221;default&#8221; global_colors_info=&#8221;{}&#8221;][\/et_pb_image][et_pb_text module_class=&#8221;text_link&#8221; _builder_version=&#8221;4.16&#8243; _module_preset=&#8221;default&#8221; text_font_size=&#8221;20px&#8221; text_line_height=&#8221;1.1em&#8221; header_4_font=&#8221;||||||||&#8221; background_color=&#8221;rgba(0,0,0,0)&#8221; global_colors_info=&#8221;{}&#8221;]<\/p>\n<h4>Jordi Pl\u00e0<\/h4>\n<p>[\/et_pb_text][et_pb_accordion db_closeable=&#8221;on&#8221; db_initial_state=&#8221;all_closed&#8221; open_toggle_text_color=&#8221;#589199&#8243; open_toggle_background_color=&#8221;rgba(0,0,0,0)&#8221; closed_toggle_background_color=&#8221;rgba(0,0,0,0)&#8221; icon_color=&#8221;#1dd3b0&#8243; _builder_version=&#8221;4.16&#8243; _module_preset=&#8221;default&#8221; toggle_text_color=&#8221;#589199&#8243; toggle_font=&#8221;DM Sans||||||||&#8221; toggle_font_size=&#8221;15px&#8221; body_text_color=&#8221;#000000&#8243; body_font_size=&#8221;15px&#8221; body_line_height=&#8221;1.2em&#8221; custom_margin=&#8221;0px|0px|0px|0px|false|false&#8221; custom_padding=&#8221;|0px|0px|0px|false|false&#8221; border_width_all=&#8221;0px&#8221; global_colors_info=&#8221;{}&#8221;][et_pb_accordion_item title=&#8221;Soci Director&#8221; open=&#8221;on&#8221; _builder_version=&#8221;4.16&#8243; _module_preset=&#8221;default&#8221; global_colors_info=&#8221;{}&#8221;]<\/p>\n<p><strong>Un prop\u00f2sit:<\/strong><br \/> fer grans empreses amb grans persones.<\/p>\n<p><strong>Una passi\u00f3:<\/strong><br \/> els clients<\/p>\n<p><strong>Una vocaci\u00f3:<\/strong><br \/> assessorar<\/p>\n<p><strong>Expert en:<\/strong><br \/> Empresa familiar. Desenvolupament i canvi organitzacional. Estructures comercials. Assessor de Comit\u00e8 de Direcci\u00f3 i Consell d&#8217;Administraci\u00f3. Proposta de valor. Trust advisor. Talent<\/p>\n<p>[\/et_pb_accordion_item][\/et_pb_accordion][et_pb_social_media_follow module_class=&#8221;light_box_linkedin&#8221; _builder_version=&#8221;4.16&#8243; _module_preset=&#8221;default&#8221; custom_margin=&#8221;10px||||false|false&#8221; global_colors_info=&#8221;{}&#8221;][et_pb_social_media_follow_network social_network=&#8221;linkedin&#8221; url=&#8221;https:\/\/www.linkedin.com\/in\/jordiplaheadhunter\/&#8221; _builder_version=&#8221;4.16&#8243; _module_preset=&#8221;default&#8221; background_color=&#8221;#1dd3b0&#8243; background_enable_color=&#8221;on&#8221; global_colors_info=&#8221;{}&#8221; follow_button=&#8221;off&#8221; url_new_window=&#8221;on&#8221;]linkedin[\/et_pb_social_media_follow_network][\/et_pb_social_media_follow][\/et_pb_column][et_pb_column type=&#8221;1_4&#8243; _builder_version=&#8221;4.16&#8243; _module_preset=&#8221;default&#8221; global_colors_info=&#8221;{}&#8221;][et_pb_image src=&#8221;https:\/\/www.placonsultoria.com\/wp-content\/uploads\/2020\/08\/Web-Pla\u0300_Equip_Carme-Alguacil.jpg&#8221; title_text=&#8221;Web Pla\u0300_Equip_Carme Alguacil&#8221; module_class=&#8221;photo_link&#8221; _builder_version=&#8221;4.16&#8243; _module_preset=&#8221;default&#8221; global_colors_info=&#8221;{}&#8221;][\/et_pb_image][et_pb_text module_class=&#8221;text_link&#8221; _builder_version=&#8221;4.16&#8243; _module_preset=&#8221;default&#8221; text_font_size=&#8221;20px&#8221; text_line_height=&#8221;1.1em&#8221; header_4_font=&#8221;||||||||&#8221; background_color=&#8221;rgba(0,0,0,0)&#8221; global_colors_info=&#8221;{}&#8221;]<\/p>\n<h4>Carme Alguacil<\/h4>\n<p>[\/et_pb_text][et_pb_accordion db_closeable=&#8221;on&#8221; db_initial_state=&#8221;all_closed&#8221; open_toggle_text_color=&#8221;#589199&#8243; open_toggle_background_color=&#8221;rgba(0,0,0,0)&#8221; closed_toggle_background_color=&#8221;rgba(0,0,0,0)&#8221; icon_color=&#8221;#1dd3b0&#8243; _builder_version=&#8221;4.16&#8243; _module_preset=&#8221;default&#8221; toggle_text_color=&#8221;#589199&#8243; toggle_font=&#8221;DM Sans||||||||&#8221; toggle_font_size=&#8221;15px&#8221; body_text_color=&#8221;#000000&#8243; body_font_size=&#8221;15px&#8221; body_line_height=&#8221;1.2em&#8221; custom_margin=&#8221;0px|0px|0px|0px|false|false&#8221; custom_padding=&#8221;|0px|0px|0px|false|false&#8221; border_width_all=&#8221;0px&#8221; global_colors_info=&#8221;{}&#8221;][et_pb_accordion_item title=&#8221;S\u00f2cia Directora&#8221; open=&#8221;on&#8221; _builder_version=&#8221;4.16&#8243; _module_preset=&#8221;default&#8221; global_colors_info=&#8221;{}&#8221;]<\/p>\n<p><strong>Un encert:<\/strong> <br \/>saber entendre sense jutjar, portar l&#8217;entendre  al comprendre.<\/p>\n<p><strong>Una vocaci\u00f3:<\/strong> <br \/>acompanyar i fer cr\u00e9ixer les persones.<\/p>\n<p><strong>Una actitud:<\/strong> <br \/>la serenitat<\/p>\n<p><strong>Experta en:<\/strong><br \/> Headhunting. Recursos Humans. Talent. Organitzaci\u00f3. Coaching. Acompanyament a directius. Programes de formaci\u00f3 i canvi en les organitzacions.<\/p>\n<p>[\/et_pb_accordion_item][\/et_pb_accordion][et_pb_social_media_follow module_class=&#8221;light_box_linkedin&#8221; _builder_version=&#8221;4.16&#8243; _module_preset=&#8221;default&#8221; custom_margin=&#8221;10px||||false|false&#8221; global_colors_info=&#8221;{}&#8221;][et_pb_social_media_follow_network social_network=&#8221;linkedin&#8221; url=&#8221;http:\/\/linkedin.com\/in\/carme-alguacil-1b26b9b&#8221; _builder_version=&#8221;4.16&#8243; _module_preset=&#8221;default&#8221; background_color=&#8221;#1dd3b0&#8243; background_enable_color=&#8221;on&#8221; global_colors_info=&#8221;{}&#8221; follow_button=&#8221;off&#8221; url_new_window=&#8221;on&#8221;]linkedin[\/et_pb_social_media_follow_network][\/et_pb_social_media_follow][\/et_pb_column][et_pb_column type=&#8221;1_4&#8243; _builder_version=&#8221;4.16&#8243; _module_preset=&#8221;default&#8221; global_colors_info=&#8221;{}&#8221;][et_pb_image src=&#8221;https:\/\/www.placonsultoria.com\/wp-content\/uploads\/2020\/08\/Web-Pla\u0300_Equip__0000_Joan-Ros.jpg&#8221; title_text=&#8221;Web Pla\u0300_Equip__0000_Joan Ros&#8221; module_class=&#8221;photo_link&#8221; _builder_version=&#8221;4.16&#8243; _module_preset=&#8221;default&#8221; global_colors_info=&#8221;{}&#8221;][\/et_pb_image][et_pb_text module_class=&#8221;text_link&#8221; _builder_version=&#8221;4.16&#8243; _module_preset=&#8221;default&#8221; text_font_size=&#8221;20px&#8221; text_line_height=&#8221;1.1em&#8221; header_4_font=&#8221;||||||||&#8221; background_color=&#8221;rgba(0,0,0,0)&#8221; global_colors_info=&#8221;{}&#8221;]<\/p>\n<h4>Joan Ros<\/h4>\n<p>[\/et_pb_text][et_pb_accordion db_closeable=&#8221;on&#8221; db_initial_state=&#8221;all_closed&#8221; open_toggle_text_color=&#8221;#589199&#8243; open_toggle_background_color=&#8221;rgba(0,0,0,0)&#8221; closed_toggle_background_color=&#8221;rgba(0,0,0,0)&#8221; icon_color=&#8221;#1dd3b0&#8243; _builder_version=&#8221;4.16&#8243; _module_preset=&#8221;default&#8221; toggle_text_color=&#8221;#589199&#8243; toggle_font=&#8221;DM Sans||||||||&#8221; toggle_font_size=&#8221;15px&#8221; body_text_color=&#8221;#000000&#8243; body_font_size=&#8221;15px&#8221; body_line_height=&#8221;1.2em&#8221; custom_margin=&#8221;0px|0px|0px|0px|false|false&#8221; custom_padding=&#8221;|0px|0px|0px|false|false&#8221; border_width_all=&#8221;0px&#8221; global_colors_info=&#8221;{}&#8221;][et_pb_accordion_item title=&#8221;Process Area Director&#8221; open=&#8221;on&#8221; _builder_version=&#8221;4.16&#8243; _module_preset=&#8221;default&#8221; global_colors_info=&#8221;{}&#8221;]<\/p>\n<p><strong>Una passi\u00f3:<\/strong> <br \/>fer simple el que \u00e9s complex.<\/p>\n<p><strong>Una vocaci\u00f3:<\/strong> <br \/>solucionar.<\/p>\n<p><strong>un repte:<\/strong><br \/>Integrar-me en un equip com aquest sense deixar de gestionar la meva pr\u00f2pia empresa.<\/p>\n<p><strong>Expert en:<\/strong><br \/>Enginyeria. Processos. Negoci. Organitzaci\u00f3. Operacions. Membre de Comit\u00e8s de Direcci\u00f3 i Consells d&#8217;Administraci\u00f3. Mentor.<\/p>\n<p>[\/et_pb_accordion_item][\/et_pb_accordion][et_pb_social_media_follow module_class=&#8221;light_box_linkedin&#8221; _builder_version=&#8221;4.16&#8243; _module_preset=&#8221;default&#8221; custom_margin=&#8221;10px||||false|false&#8221; global_colors_info=&#8221;{}&#8221;][et_pb_social_media_follow_network social_network=&#8221;linkedin&#8221; url=&#8221;https:\/\/www.linkedin.com\/in\/joan-ros-salas-4b34a510\/&#8221; _builder_version=&#8221;4.16&#8243; _module_preset=&#8221;default&#8221; background_color=&#8221;#1dd3b0&#8243; background_enable_color=&#8221;on&#8221; global_colors_info=&#8221;{}&#8221; follow_button=&#8221;off&#8221; url_new_window=&#8221;on&#8221;]linkedin[\/et_pb_social_media_follow_network][\/et_pb_social_media_follow][\/et_pb_column][et_pb_column type=&#8221;1_4&#8243; _builder_version=&#8221;4.16&#8243; _module_preset=&#8221;default&#8221; global_colors_info=&#8221;{}&#8221;][et_pb_image src=&#8221;https:\/\/www.placonsultoria.com\/wp-content\/uploads\/2020\/08\/Web-Pla\u0300_Equip__0003_Laura-Yagu\u0308ez.jpg&#8221; title_text=&#8221;Web Pla\u0300_Equip__0003_Laura Yagu\u0308ez&#8221; module_class=&#8221;photo_link&#8221; _builder_version=&#8221;4.16&#8243; _module_preset=&#8221;default&#8221; global_colors_info=&#8221;{}&#8221;][\/et_pb_image][et_pb_text module_class=&#8221;text_link&#8221; _builder_version=&#8221;4.16&#8243; _module_preset=&#8221;default&#8221; text_font_size=&#8221;20px&#8221; text_line_height=&#8221;1.1em&#8221; header_4_font=&#8221;||||||||&#8221; background_color=&#8221;rgba(0,0,0,0)&#8221; global_colors_info=&#8221;{}&#8221;]<\/p>\n<h4>Laura Yag\u00fcez<\/h4>\n<p>[\/et_pb_text][et_pb_accordion db_closeable=&#8221;on&#8221; db_initial_state=&#8221;all_closed&#8221; open_toggle_text_color=&#8221;#589199&#8243; open_toggle_background_color=&#8221;rgba(0,0,0,0)&#8221; closed_toggle_background_color=&#8221;rgba(0,0,0,0)&#8221; icon_color=&#8221;#1dd3b0&#8243; _builder_version=&#8221;4.16&#8243; _module_preset=&#8221;default&#8221; toggle_text_color=&#8221;#589199&#8243; toggle_font=&#8221;DM Sans||||||||&#8221; toggle_font_size=&#8221;15px&#8221; body_text_color=&#8221;#000000&#8243; body_font_size=&#8221;15px&#8221; body_line_height=&#8221;1.2em&#8221; custom_margin=&#8221;0px|0px|0px|0px|false|false&#8221; custom_padding=&#8221;|0px|0px|0px|false|false&#8221; border_width_all=&#8221;0px&#8221; global_colors_info=&#8221;{}&#8221;][et_pb_accordion_item title=&#8221;Strategic Communication&#8221; open=&#8221;on&#8221; _builder_version=&#8221;4.16&#8243; _module_preset=&#8221;default&#8221; global_colors_info=&#8221;{}&#8221;]<\/p>\n<p><strong>Un principi:<\/strong> <br \/>la comunicaci\u00f3 \u00e9s la palanca per moure el m\u00f3n. <\/p>\n<p><strong>Un repte:<br \/><\/strong>reinventar-me per quarta vegada.<\/p>\n<p><strong>Experta en:<\/strong><br \/> comunicaci\u00f3 en processos de canvi. Estrat\u00e8gia. Cultura. Comunicaci\u00f3 interna. Retail. Creativitat. Storytelling. Nous models de negoci. M\u00e0rqueting.<\/p>\n<p>[\/et_pb_accordion_item][\/et_pb_accordion][et_pb_social_media_follow module_class=&#8221;light_box_linkedin&#8221; _builder_version=&#8221;4.16&#8243; _module_preset=&#8221;default&#8221; custom_margin=&#8221;10px||||false|false&#8221; global_colors_info=&#8221;{}&#8221;][et_pb_social_media_follow_network social_network=&#8221;linkedin&#8221; url=&#8221;https:\/\/www.linkedin.com\/in\/laurayaguez&#8221; _builder_version=&#8221;4.16&#8243; _module_preset=&#8221;default&#8221; background_color=&#8221;#1dd3b0&#8243; background_enable_color=&#8221;on&#8221; global_colors_info=&#8221;{}&#8221; follow_button=&#8221;off&#8221; url_new_window=&#8221;on&#8221;]linkedin[\/et_pb_social_media_follow_network][\/et_pb_social_media_follow][\/et_pb_column][\/et_pb_row][et_pb_row column_structure=&#8221;1_4,1_4,1_4,1_4&#8243; use_custom_gutter=&#8221;on&#8221; gutter_width=&#8221;2&#8243; admin_label=&#8221;fila-equip&#8221; module_class=&#8221;fila-equip&#8221; _builder_version=&#8221;4.16&#8243; _module_preset=&#8221;default&#8221; background_color_gradient_direction=&#8221;45deg&#8221; custom_margin=&#8221;||5vh||false|false&#8221; custom_padding=&#8221;||10vh||false|false&#8221; global_colors_info=&#8221;{}&#8221;][et_pb_column type=&#8221;1_4&#8243; _builder_version=&#8221;4.16&#8243; _module_preset=&#8221;default&#8221; global_colors_info=&#8221;{}&#8221;][et_pb_image src=&#8221;https:\/\/www.placonsultoria.com\/wp-content\/uploads\/2020\/08\/Web-Pla\u0300_Equip__0001_Luis-Carbonell.jpg&#8221; title_text=&#8221;Web Pla\u0300_Equip__0001_Luis Carbonell&#8221; module_class=&#8221;photo_link&#8221; _builder_version=&#8221;4.16&#8243; _module_preset=&#8221;default&#8221; global_colors_info=&#8221;{}&#8221;][\/et_pb_image][et_pb_text module_class=&#8221;text_link&#8221; _builder_version=&#8221;4.16&#8243; _module_preset=&#8221;default&#8221; text_font_size=&#8221;20px&#8221; text_line_height=&#8221;1.1em&#8221; header_4_font=&#8221;||||||||&#8221; background_color=&#8221;rgba(0,0,0,0)&#8221; global_colors_info=&#8221;{}&#8221;]<\/p>\n<h4>Llu\u00eds Carbonell<\/h4>\n<p>[\/et_pb_text][et_pb_accordion db_closeable=&#8221;on&#8221; db_initial_state=&#8221;all_closed&#8221; open_toggle_text_color=&#8221;#589199&#8243; open_toggle_background_color=&#8221;rgba(0,0,0,0)&#8221; closed_toggle_background_color=&#8221;rgba(0,0,0,0)&#8221; icon_color=&#8221;#1dd3b0&#8243; _builder_version=&#8221;4.16&#8243; _module_preset=&#8221;default&#8221; toggle_text_color=&#8221;#589199&#8243; toggle_font=&#8221;DM Sans||||||||&#8221; toggle_font_size=&#8221;15px&#8221; body_text_color=&#8221;#000000&#8243; body_font_size=&#8221;15px&#8221; body_line_height=&#8221;1.2em&#8221; custom_margin=&#8221;0px|0px|0px|0px|false|false&#8221; custom_padding=&#8221;|0px|0px|0px|false|false&#8221; border_width_all=&#8221;0px&#8221; global_colors_info=&#8221;{}&#8221;][et_pb_accordion_item title=&#8221;Innovation Consultant&#8221; open=&#8221;on&#8221; _builder_version=&#8221;4.16&#8243; _module_preset=&#8221;default&#8221; global_colors_info=&#8221;{}&#8221;]<\/p>\n<p><strong>Una habilitat:<\/strong> <br \/>saber i saber explicar-ho.<\/p>\n<p><strong>Una vocaci\u00f3:<\/strong> <br \/>innovar.<\/p>\n<p><strong>Expert en:<\/strong><br \/> Ind\u00fastria. Innovaci\u00f3. Design thinking. Gesti\u00f3 del coneixement. Estrat\u00e8gia comercial. Aigua. Qu\u00edmica.<\/p>\n<p>[\/et_pb_accordion_item][\/et_pb_accordion][et_pb_social_media_follow module_class=&#8221;light_box_linkedin&#8221; _builder_version=&#8221;4.16&#8243; _module_preset=&#8221;default&#8221; custom_margin=&#8221;10px||||false|false&#8221; global_colors_info=&#8221;{}&#8221;][et_pb_social_media_follow_network social_network=&#8221;linkedin&#8221; url=&#8221;http:\/\/www.linkedin.com\/in\/llu\u00eds-carbonell-sen-10a73019&#8243; _builder_version=&#8221;4.16&#8243; _module_preset=&#8221;default&#8221; background_color=&#8221;#1dd3b0&#8243; background_enable_color=&#8221;on&#8221; global_colors_info=&#8221;{}&#8221; follow_button=&#8221;off&#8221; url_new_window=&#8221;on&#8221;]linkedin[\/et_pb_social_media_follow_network][\/et_pb_social_media_follow][\/et_pb_column][et_pb_column type=&#8221;1_4&#8243; _builder_version=&#8221;4.16&#8243; _module_preset=&#8221;default&#8221; global_colors_info=&#8221;{}&#8221;][et_pb_image src=&#8221;https:\/\/www.placonsultoria.com\/wp-content\/uploads\/2022\/12\/web-pla-equip-angels.jpg&#8221; title_text=&#8221;web-pla-equip-angels&#8221; module_class=&#8221;photo_link&#8221; _builder_version=&#8221;4.19.1&#8243; _module_preset=&#8221;default&#8221; hover_enabled=&#8221;0&#8243; global_colors_info=&#8221;{}&#8221; sticky_enabled=&#8221;0&#8243;][\/et_pb_image][et_pb_text module_class=&#8221;text_link&#8221; _builder_version=&#8221;4.19.1&#8243; _module_preset=&#8221;default&#8221; text_font_size=&#8221;20px&#8221; text_line_height=&#8221;1.1em&#8221; header_4_font=&#8221;||||||||&#8221; background_color=&#8221;rgba(0,0,0,0)&#8221; hover_enabled=&#8221;0&#8243; global_colors_info=&#8221;{}&#8221; sticky_enabled=&#8221;0&#8243;]<\/p>\n<h4>\u00c0ngels Verd\u00fa<\/h4>\n<p>[\/et_pb_text][et_pb_accordion db_closeable=&#8221;on&#8221; db_initial_state=&#8221;all_closed&#8221; open_toggle_text_color=&#8221;#589199&#8243; open_toggle_background_color=&#8221;rgba(0,0,0,0)&#8221; closed_toggle_background_color=&#8221;rgba(0,0,0,0)&#8221; icon_color=&#8221;#1dd3b0&#8243; _builder_version=&#8221;4.19.1&#8243; _module_preset=&#8221;default&#8221; toggle_text_color=&#8221;#589199&#8243; toggle_font=&#8221;DM Sans||||||||&#8221; toggle_font_size=&#8221;15px&#8221; body_text_color=&#8221;#000000&#8243; body_font_size=&#8221;15px&#8221; body_line_height=&#8221;1.2em&#8221; custom_margin=&#8221;0px|0px|0px|0px|false|false&#8221; custom_padding=&#8221;|0px|0px|0px|false|false&#8221; hover_enabled=&#8221;0&#8243; border_width_all=&#8221;0px&#8221; global_colors_info=&#8221;{}&#8221; sticky_enabled=&#8221;0&#8243;][et_pb_accordion_item title=&#8221;Learning &#038; Development Manager&#8221; open=&#8221;on&#8221; _builder_version=&#8221;4.19.1&#8243; _module_preset=&#8221;default&#8221; hover_enabled=&#8221;0&#8243; global_colors_info=&#8221;{}&#8221; sticky_enabled=&#8221;0&#8243;]<\/p>\n<p><strong>Una passi\u00f3:\u00a0<\/strong><br \/>la llibertat per decidir els projectes en els que crec\u00a0<\/p>\n<p><strong>Un principi:\u00a0<\/strong><br \/>la rebel\u00b7lia per q\u00fcestionar-ho tot, el que permet poder millorar cada dia\u00a0<\/p>\n<p><strong>Una vocaci\u00f3:<\/strong><br \/>desenvolupar a les persones per liderar i realitzar amb \u00e8xit el canvi i la innovaci\u00f3 a les seves organitzacions<\/p>\n<p><strong>Un prop\u00f2sit:<\/strong><br \/>ajudar a les persones i a les organitzacions a trobar l\u2019equilibri i arribar a la situaci\u00f3 desitjada a trav\u00e9s d\u2019una metodologia que s\u2019inicia amb una visi\u00f3 global, implica a les persones i contribueix a realitzar la transformaci\u00f3 cultural<\/p>\n<p><strong>Una actitud:<\/strong><br \/>positivisme<\/p>\n<p><strong>Un repte:<\/strong><br \/><span>acompanyar a les persones i a les organitzacions exercint de palanca en aquest canvi de paradigma <\/span><br \/><span><\/span><\/p>\n<p><span><strong>Experta en:<\/strong><br \/>liderar persones i organitzacions, amb m\u00e9s de 20 anys d\u2019experi\u00e8ncia en la gesti\u00f3 estrat\u00e8gica de recursos humans i la consultoria en organitzacions p\u00fabliques i privades<\/span><\/p>\n<p>[\/et_pb_accordion_item][\/et_pb_accordion][et_pb_social_media_follow module_class=&#8221;light_box_linkedin&#8221; _builder_version=&#8221;4.19.1&#8243; _module_preset=&#8221;default&#8221; custom_margin=&#8221;10px||||false|false&#8221; hover_enabled=&#8221;0&#8243; global_colors_info=&#8221;{}&#8221; sticky_enabled=&#8221;0&#8243;][et_pb_social_media_follow_network social_network=&#8221;linkedin&#8221; url=&#8221;https:\/\/www.linkedin.com\/in\/angelsverdu\/&#8221; _builder_version=&#8221;4.19.1&#8243; _module_preset=&#8221;default&#8221; background_color=&#8221;#1dd3b0&#8243; background_enable_color=&#8221;on&#8221; hover_enabled=&#8221;0&#8243; global_colors_info=&#8221;{}&#8221; follow_button=&#8221;off&#8221; url_new_window=&#8221;on&#8221; sticky_enabled=&#8221;0&#8243;]linkedin[\/et_pb_social_media_follow_network][\/et_pb_social_media_follow][\/et_pb_column][et_pb_column type=&#8221;1_4&#8243; _builder_version=&#8221;4.16&#8243; _module_preset=&#8221;default&#8221; global_colors_info=&#8221;{}&#8221;][et_pb_image src=&#8221;https:\/\/www.placonsultoria.com\/wp-content\/uploads\/2020\/09\/web-pla-equip-julio-calvo.jpg&#8221; title_text=&#8221;Web-Pla-Equip-Julio-Calvo&#8221; module_class=&#8221;photo_link&#8221; _builder_version=&#8221;4.16&#8243; _module_preset=&#8221;default&#8221; global_colors_info=&#8221;{}&#8221;][\/et_pb_image][et_pb_text module_class=&#8221;text_link&#8221; _builder_version=&#8221;4.16&#8243; _module_preset=&#8221;default&#8221; text_font_size=&#8221;20px&#8221; text_line_height=&#8221;1.1em&#8221; header_4_font=&#8221;||||||||&#8221; background_color=&#8221;rgba(0,0,0,0)&#8221; global_colors_info=&#8221;{}&#8221;]<\/p>\n<h4>Julio Calvo<\/h4>\n<p>[\/et_pb_text][et_pb_accordion db_closeable=&#8221;on&#8221; db_initial_state=&#8221;all_closed&#8221; open_toggle_text_color=&#8221;#589199&#8243; open_toggle_background_color=&#8221;rgba(0,0,0,0)&#8221; closed_toggle_background_color=&#8221;rgba(0,0,0,0)&#8221; icon_color=&#8221;#1dd3b0&#8243; _builder_version=&#8221;4.16&#8243; _module_preset=&#8221;default&#8221; toggle_text_color=&#8221;#589199&#8243; toggle_font=&#8221;DM Sans||||||||&#8221; toggle_font_size=&#8221;15px&#8221; body_text_color=&#8221;#000000&#8243; body_font_size=&#8221;15px&#8221; body_line_height=&#8221;1.2em&#8221; custom_margin=&#8221;0px|0px|0px|0px|false|false&#8221; custom_padding=&#8221;|0px|0px|0px|false|false&#8221; border_width_all=&#8221;0px&#8221; global_colors_info=&#8221;{}&#8221;][et_pb_accordion_item title=&#8221;Process and Technology Director&#8221; open=&#8221;on&#8221; _builder_version=&#8221;4.16&#8243; _module_preset=&#8221;default&#8221; global_colors_info=&#8221;{}&#8221;]<\/p>\n<p><strong>Una vocaci\u00f3:<\/strong> <br \/>liderar els canvis.<\/p>\n<p><strong>Un principi:<\/strong><br \/>les persones primer.<\/p>\n<p><strong>un encert:<\/strong><br \/>mantenir sempre la curiositat del perqu\u00e8 de les coses.<\/p>\n<p><strong>Un prop\u00f2sit:<\/strong><br \/> tot t\u00e9 una soluci\u00f3 positiva i pactada.<\/p>\n<p><strong>Una actitud:<\/strong> <br \/>mandra zero<\/p>\n<p><strong>Expert en:<\/strong><br \/> gesti\u00f3 de projectes complexos<\/p>\n<p>[\/et_pb_accordion_item][\/et_pb_accordion][et_pb_social_media_follow module_class=&#8221;light_box_linkedin&#8221; _builder_version=&#8221;4.16&#8243; _module_preset=&#8221;default&#8221; custom_margin=&#8221;10px||||false|false&#8221; global_colors_info=&#8221;{}&#8221;][et_pb_social_media_follow_network social_network=&#8221;linkedin&#8221; url=&#8221;https:\/\/www.linkedin.com\/in\/julio-calvo-nu%C3%B1o-32b2863a\/&#8221; _builder_version=&#8221;4.16&#8243; _module_preset=&#8221;default&#8221; background_color=&#8221;#1dd3b0&#8243; background_enable_color=&#8221;on&#8221; global_colors_info=&#8221;{}&#8221; follow_button=&#8221;off&#8221; url_new_window=&#8221;on&#8221;]linkedin[\/et_pb_social_media_follow_network][\/et_pb_social_media_follow][\/et_pb_column][et_pb_column type=&#8221;1_4&#8243; _builder_version=&#8221;4.16&#8243; _module_preset=&#8221;default&#8221; global_colors_info=&#8221;{}&#8221;][et_pb_image src=&#8221;https:\/\/www.placonsultoria.com\/wp-content\/uploads\/2020\/09\/web-pla-equip-carme-ponce.jpg&#8221; title_text=&#8221;Web-Pla-Equip-Carme-Ponce&#8221; module_class=&#8221;photo_link&#8221; _builder_version=&#8221;4.16&#8243; _module_preset=&#8221;default&#8221; global_colors_info=&#8221;{}&#8221;][\/et_pb_image][et_pb_text module_class=&#8221;text_link&#8221; _builder_version=&#8221;4.16&#8243; _module_preset=&#8221;default&#8221; text_font_size=&#8221;20px&#8221; text_line_height=&#8221;1.1em&#8221; header_4_font=&#8221;||||||||&#8221; background_color=&#8221;rgba(0,0,0,0)&#8221; global_colors_info=&#8221;{}&#8221;]<\/p>\n<h4>Carme Ponce<\/h4>\n<p>[\/et_pb_text][et_pb_accordion db_closeable=&#8221;on&#8221; db_initial_state=&#8221;all_closed&#8221; open_toggle_text_color=&#8221;#589199&#8243; open_toggle_background_color=&#8221;rgba(0,0,0,0)&#8221; closed_toggle_background_color=&#8221;rgba(0,0,0,0)&#8221; icon_color=&#8221;#1dd3b0&#8243; _builder_version=&#8221;4.16&#8243; _module_preset=&#8221;default&#8221; toggle_text_color=&#8221;#589199&#8243; toggle_font=&#8221;DM Sans||||||||&#8221; toggle_font_size=&#8221;15px&#8221; body_text_color=&#8221;#000000&#8243; body_font_size=&#8221;15px&#8221; body_line_height=&#8221;1.2em&#8221; custom_margin=&#8221;0px|0px|0px|0px|false|false&#8221; custom_padding=&#8221;|0px|0px|0px|false|false&#8221; border_width_all=&#8221;0px&#8221; global_colors_info=&#8221;{}&#8221;][et_pb_accordion_item title=&#8221;Directora de Comptes&#8221; open=&#8221;on&#8221; _builder_version=&#8221;4.16&#8243; _module_preset=&#8221;default&#8221; global_colors_info=&#8221;{}&#8221;]<\/p>\n<p><strong>Una vocaci\u00f3:<\/strong><br \/> les persones<\/p>\n<p><strong>Una passi\u00f3:<\/strong> <br \/>Talent i Organitzaci\u00f3<\/p>\n<p><strong>Un principi:<\/strong> <br \/>les persones felices a la seva feina donen el millor de si mateixes.<\/p>\n<p><strong> Una actitud:<\/strong> <br \/>il\u00b7lusi\u00f3.<\/p>\n<p><strong>Experta en:<\/strong> <br \/>Headhunting &#8211; Desenvolupament projectes de Recursos Humans.<\/p>\n<p>[\/et_pb_accordion_item][\/et_pb_accordion][et_pb_social_media_follow module_class=&#8221;light_box_linkedin&#8221; _builder_version=&#8221;4.16&#8243; _module_preset=&#8221;default&#8221; custom_margin=&#8221;10px||||false|false&#8221; global_colors_info=&#8221;{}&#8221;][et_pb_social_media_follow_network social_network=&#8221;linkedin&#8221; url=&#8221;https:\/\/www.linkedin.com\/in\/carmen-ponce-juan-bba4aa26\/&#8221; _builder_version=&#8221;4.16&#8243; _module_preset=&#8221;default&#8221; background_color=&#8221;#1dd3b0&#8243; background_enable_color=&#8221;on&#8221; global_colors_info=&#8221;{}&#8221; follow_button=&#8221;off&#8221; url_new_window=&#8221;on&#8221;]linkedin[\/et_pb_social_media_follow_network][\/et_pb_social_media_follow][\/et_pb_column][\/et_pb_row][\/et_pb_section][et_pb_section fb_built=&#8221;1&#8243; _builder_version=&#8221;4.16&#8243; _module_preset=&#8221;default&#8221; background_color=&#8221;#f5f0d0&#8243; background_color_gradient_direction=&#8221;90deg&#8221; custom_padding=&#8221;||50px||false|false&#8221; global_colors_info=&#8221;{}&#8221;][et_pb_row _builder_version=&#8221;4.16&#8243; _module_preset=&#8221;default&#8221; global_colors_info=&#8221;{}&#8221;][et_pb_column type=&#8221;4_4&#8243; _builder_version=&#8221;4.16&#8243; _module_preset=&#8221;default&#8221; global_colors_info=&#8221;{}&#8221;][et_pb_text _builder_version=&#8221;4.16&#8243; _module_preset=&#8221;default&#8221; global_colors_info=&#8221;{}&#8221;]<\/p>\n<h2>Els nostres consultors estan acreditats<br \/>per reconegudes escoles i institucions<br \/>d&#8217;excel\u00b7l\u00e8ncia organitzacional<\/h2>\n<p>[\/et_pb_text][\/et_pb_column][\/et_pb_row][et_pb_row column_structure=&#8221;1_2,1_6,1_6,1_6&#8243; gutter_width=&#8221;2&#8243; make_equal=&#8221;on&#8221; disabled_on=&#8221;off|off|on&#8221; _builder_version=&#8221;4.16&#8243; _module_preset=&#8221;3c43f354-5b99-4959-a573-57dd11486bc5&#8243; custom_padding=&#8221;0px||0px||false|false&#8221; filter_saturate=&#8221;0%&#8221; filter_opacity=&#8221;90%&#8221; global_colors_info=&#8221;{}&#8221;][et_pb_column type=&#8221;1_2&#8243; _builder_version=&#8221;4.16&#8243; _module_preset=&#8221;default&#8221; global_colors_info=&#8221;{}&#8221;][et_pb_image src=&#8221;https:\/\/www.placonsultoria.com\/wp-content\/uploads\/2020\/09\/barret.png&#8221; title_text=&#8221;barret&#8221; align=&#8221;right&#8221; align_tablet=&#8221;center&#8221; align_phone=&#8221;&#8221; align_last_edited=&#8221;on|desktop&#8221; _builder_version=&#8221;4.16&#8243; _module_preset=&#8221;bd945178-761d-4051-af6b-c7a3e8d057bb&#8221; custom_padding=&#8221;||25px||false|false&#8221; global_colors_info=&#8221;{}&#8221;][\/et_pb_image][\/et_pb_column][et_pb_column type=&#8221;1_6&#8243; _builder_version=&#8221;4.16&#8243; _module_preset=&#8221;default&#8221; global_colors_info=&#8221;{}&#8221;][et_pb_image src=&#8221;https:\/\/www.placonsultoria.com\/wp-content\/uploads\/2020\/09\/certificaciones-logos-prosci-plaassociats-e1601475454343.png&#8221; title_text=&#8221;certificaciones-logos-prosci-plaassociats&#8221; _builder_version=&#8221;4.16&#8243; _module_preset=&#8221;bd945178-761d-4051-af6b-c7a3e8d057bb&#8221; height=&#8221;140px&#8221; max_height=&#8221;140px&#8221; global_colors_info=&#8221;{}&#8221;][\/et_pb_image][\/et_pb_column][et_pb_column type=&#8221;1_6&#8243; _builder_version=&#8221;4.16&#8243; _module_preset=&#8221;default&#8221; global_colors_info=&#8221;{}&#8221;][et_pb_image src=&#8221;https:\/\/www.placonsultoria.com\/wp-content\/uploads\/2020\/09\/acccl.png&#8221; title_text=&#8221;acccl&#8221; _builder_version=&#8221;4.16&#8243; _module_preset=&#8221;bd945178-761d-4051-af6b-c7a3e8d057bb&#8221; global_colors_info=&#8221;{}&#8221;][\/et_pb_image][\/et_pb_column][et_pb_column type=&#8221;1_6&#8243; _builder_version=&#8221;4.16&#8243; _module_preset=&#8221;default&#8221; global_colors_info=&#8221;{}&#8221;][et_pb_image src=&#8221;https:\/\/www.placonsultoria.com\/wp-content\/uploads\/2020\/09\/certificaciones-logos-gr-global-plaassociats-e1601483911352.png&#8221; title_text=&#8221;certificaciones-logos-gr-global-plaassociats&#8221; _builder_version=&#8221;4.16&#8243; _module_preset=&#8221;bd945178-761d-4051-af6b-c7a3e8d057bb&#8221; global_colors_info=&#8221;{}&#8221;][\/et_pb_image][\/et_pb_column][\/et_pb_row][et_pb_row gutter_width=&#8221;2&#8243; make_equal=&#8221;on&#8221; disabled_on=&#8221;on|on|off&#8221; _builder_version=&#8221;4.16&#8243; _module_preset=&#8221;3c43f354-5b99-4959-a573-57dd11486bc5&#8243; custom_padding=&#8221;0px||0px||false|false&#8221; filter_saturate=&#8221;0%&#8221; filter_opacity=&#8221;90%&#8221; global_colors_info=&#8221;{}&#8221;][et_pb_column type=&#8221;4_4&#8243; _builder_version=&#8221;4.16&#8243; _module_preset=&#8221;default&#8221; global_colors_info=&#8221;{}&#8221;][et_pb_image src=&#8221;https:\/\/www.placonsultoria.com\/wp-content\/uploads\/2020\/10\/faldo-certificacions-1000.png&#8221; title_text=&#8221;faldo-certificacions-1000&#8243; _builder_version=&#8221;4.16&#8243; _module_preset=&#8221;bd945178-761d-4051-af6b-c7a3e8d057bb&#8221; height=&#8221;140px&#8221; max_height=&#8221;140px&#8221; global_colors_info=&#8221;{}&#8221;][\/et_pb_image][\/et_pb_column][\/et_pb_row][\/et_pb_section][et_pb_section fb_built=&#8221;1&#8243; admin_label=&#8221;Fons mixt&#8221; _builder_version=&#8221;4.16&#8243; _module_preset=&#8221;default&#8221; use_background_color_gradient=&#8221;on&#8221; background_color_gradient_direction=&#8221;-90deg&#8221; background_color_gradient_stops=&#8221;#1dd3b0 55%|rgba(0,0,0,0) 55%&#8221; background_color_gradient_start=&#8221;#1dd3b0&#8243; background_color_gradient_start_position=&#8221;55%&#8221; background_color_gradient_end=&#8221;rgba(0,0,0,0)&#8221; background_color_gradient_end_position=&#8221;55%&#8221; background_color_phone=&#8221;#1dd3b0&#8243; background_last_edited=&#8221;on|phone&#8221; background_enable_color_phone=&#8221;on&#8221; collapsed=&#8221;on&#8221; global_colors_info=&#8221;{}&#8221;][et_pb_row column_structure=&#8221;1_2,1_2&#8243; _builder_version=&#8221;4.16&#8243; _module_preset=&#8221;default&#8221; background_color_gradient_direction=&#8221;225deg&#8221; custom_margin=&#8221;0px||0px||false|false&#8221; custom_padding=&#8221;4vh||4vh||false|false&#8221; global_colors_info=&#8221;{}&#8221;][et_pb_column type=&#8221;1_2&#8243; _builder_version=&#8221;4.16&#8243; _module_preset=&#8221;default&#8221; global_colors_info=&#8221;{}&#8221;][\/et_pb_column][et_pb_column type=&#8221;1_2&#8243; _builder_version=&#8221;4.16&#8243; _module_preset=&#8221;default&#8221; global_colors_info=&#8221;{}&#8221;][et_pb_text _builder_version=&#8221;4.16&#8243; _module_preset=&#8221;a79c5492-d860-4180-bb67-17c0afc47b2e&#8221; global_colors_info=&#8221;{}&#8221;]<\/p>\n<h2><strong>Ens importen els nostres clients i els ho demostrem cada dia. <\/strong> <br \/>Coneix-nos&#8230; <br \/> et sentir\u00e0s com a casa.<\/h2>\n<p>[\/et_pb_text][\/et_pb_column][\/et_pb_row][et_pb_row column_structure=&#8221;1_5,3_5,1_5&#8243; _builder_version=&#8221;4.16&#8243; _module_preset=&#8221;default&#8221; custom_margin=&#8221;0px||||false|false&#8221; custom_padding=&#8221;0px|0px||0px|false|false&#8221; global_colors_info=&#8221;{}&#8221;][et_pb_column type=&#8221;1_5&#8243; _builder_version=&#8221;4.16&#8243; _module_preset=&#8221;default&#8221; global_colors_info=&#8221;{}&#8221;][\/et_pb_column][et_pb_column type=&#8221;3_5&#8243; _builder_version=&#8221;4.16&#8243; _module_preset=&#8221;default&#8221; global_colors_info=&#8221;{}&#8221;][et_pb_text _builder_version=&#8221;4.16&#8243; _module_preset=&#8221;default&#8221; text_font_size=&#8221;18px&#8221; text_line_height=&#8221;1.3em&#8221; background_color=&#8221;rgba(0,0,0,0)&#8221; text_orientation=&#8221;right&#8221; global_colors_info=&#8221;{}&#8221;]<\/p>\n<p>M\u00e9s del 80% dels nostres clients porten treballant amb nosaltres m\u00e9s de 10 anys. El 92% dels nostres clients repeteixen processos de recerca de directius i manifesten la seva satisfacci\u00f3 del servei i el comprom\u00eds mostrats.<\/p>\n<p>[\/et_pb_text][\/et_pb_column][et_pb_column type=&#8221;1_5&#8243; _builder_version=&#8221;4.16&#8243; _module_preset=&#8221;default&#8221; global_colors_info=&#8221;{}&#8221;][\/et_pb_column][\/et_pb_row][\/et_pb_section][et_pb_section fb_built=&#8221;1&#8243; _builder_version=&#8221;4.16&#8243; _module_preset=&#8221;default&#8221; custom_padding=&#8221;0px||0px||false|false&#8221; global_colors_info=&#8221;{}&#8221;][et_pb_row column_structure=&#8221;3_5,2_5&#8243; _builder_version=&#8221;4.16&#8243; _module_preset=&#8221;default&#8221; background_color_gradient_direction=&#8221;225deg&#8221; custom_margin=&#8221;0px||0px||false|false&#8221; custom_padding=&#8221;50px||25px||false|false&#8221; global_colors_info=&#8221;{}&#8221;][et_pb_column type=&#8221;3_5&#8243; _builder_version=&#8221;4.16&#8243; _module_preset=&#8221;default&#8221; global_colors_info=&#8221;{}&#8221;][et_pb_text _builder_version=&#8221;4.16&#8243; _module_preset=&#8221;default&#8221; header_2_font=&#8221;||||||||&#8221; header_2_font_size=&#8221;40px&#8221; custom_padding=&#8221;0px||10px||false|false&#8221; header_2_font_size_last_edited=&#8221;off|tablet&#8221; global_colors_info=&#8221;{}&#8221;]<\/p>\n<h2><strong>Tres principis que defineixen <\/strong><br \/> la nostra manera de treballar<\/h2>\n<p>[\/et_pb_text][\/et_pb_column][et_pb_column type=&#8221;2_5&#8243; _builder_version=&#8221;4.16&#8243; _module_preset=&#8221;default&#8221; global_colors_info=&#8221;{}&#8221;][\/et_pb_column][\/et_pb_row][\/et_pb_section][et_pb_section fb_built=&#8221;1&#8243; make_equal=&#8221;on&#8221; use_custom_gutter=&#8221;on&#8221; gutter_width=&#8221;1&#8243; specialty=&#8221;on&#8221; background_color_1=&#8221;#1dd3b0&#8243; padding_top_1=&#8221;50px&#8221; padding_right_1=&#8221;50px&#8221; padding_bottom_1=&#8221;50px&#8221; padding_left_1=&#8221;50px&#8221; padding_top_bottom_link_1=&#8221;false&#8221; padding_left_right_link_1=&#8221;false&#8221; padding_1_tablet=&#8221;30px|30px|30px|30px|false|false&#8221; padding_1_phone=&#8221;20px|20px|20px|20px|false|false&#8221; padding_1_last_edited=&#8221;on|phone&#8221; custom_css_main_1=&#8221;display:flex;||flex-direction:column;||justify-content:center;&#8221; _builder_version=&#8221;4.16&#8243; _module_preset=&#8221;default&#8221; vertical_offset=&#8221;0px&#8221; horizontal_offset=&#8221;0px&#8221; custom_margin=&#8221;||50px||false|false&#8221; custom_padding=&#8221;0px||0px|||&#8221; animation_style=&#8221;fade&#8221; global_colors_info=&#8221;{}&#8221;][et_pb_column type=&#8221;1_2&#8243; _builder_version=&#8221;4.16&#8243; custom_padding=&#8221;|||&#8221; global_colors_info=&#8221;{}&#8221; custom_padding__hover=&#8221;|||&#8221;][et_pb_text _builder_version=&#8221;4.16&#8243; _module_preset=&#8221;default&#8221; text_font_size=&#8221;18px&#8221; text_line_height=&#8221;1.3em&#8221; header_3_text_color=&#8221;#ffffff&#8221; header_3_font_size=&#8221;40px&#8221; header_3_line_height=&#8221;1em&#8221; background_layout=&#8221;dark&#8221; width=&#8221;90%&#8221; module_alignment=&#8221;center&#8221; custom_margin=&#8221;50px||50px||false|false&#8221; text_font_size_tablet=&#8221;&#8221; text_font_size_phone=&#8221;15px&#8221; text_font_size_last_edited=&#8221;on|phone&#8221; header_3_font_size_tablet=&#8221;&#8221; header_3_font_size_phone=&#8221;30px&#8221; header_3_font_size_last_edited=&#8221;on|phone&#8221; text_text_shadow_style=&#8221;preset3&#8243; text_text_shadow_blur_strength=&#8221;4em&#8221; global_colors_info=&#8221;{}&#8221;]<\/p>\n<h3>Les preguntes s\u00f3n tan importants com les respostes <\/h3>\n<p> I nosaltres sabem fer les preguntes<\/p>\n<p>[\/et_pb_text][\/et_pb_column][et_pb_column type=&#8221;1_2&#8243; specialty_columns=&#8221;2&#8243; _builder_version=&#8221;4.16&#8243; custom_padding=&#8221;|||&#8221; global_colors_info=&#8221;{}&#8221; custom_padding__hover=&#8221;|||&#8221;][et_pb_row_inner custom_padding_last_edited=&#8221;on|phone&#8221; _builder_version=&#8221;4.16&#8243; _module_preset=&#8221;default&#8221; background_color=&#8221;#ced6c7&#8243; custom_margin=&#8221;0px|0px|0px|0px|false|false&#8221; custom_padding=&#8221;50px|5%|50px|5%|false|false&#8221; custom_padding_tablet=&#8221;30px|30px|30px|30px|false|false&#8221; custom_padding_phone=&#8221;20px|20px|20px|20px|false|false&#8221; animation_style=&#8221;fade&#8221; animation_delay=&#8221;100ms&#8221; custom_css_main_element=&#8221;display:flex;||flex-direction:column;||justify-content:center;&#8221; global_colors_info=&#8221;{}&#8221;][et_pb_column_inner saved_specialty_column_type=&#8221;1_2&#8243; _builder_version=&#8221;4.16&#8243; _module_preset=&#8221;default&#8221; global_colors_info=&#8221;{}&#8221;][et_pb_text _builder_version=&#8221;4.16&#8243; _module_preset=&#8221;default&#8221; text_font_size=&#8221;18px&#8221; text_line_height=&#8221;1.3em&#8221; header_3_text_color=&#8221;#ffffff&#8221; header_3_font_size=&#8221;40px&#8221; header_3_line_height=&#8221;1em&#8221; background_layout=&#8221;dark&#8221; width=&#8221;90%&#8221; module_alignment=&#8221;center&#8221; custom_margin=&#8221;50px||50px||false|false&#8221; text_font_size_tablet=&#8221;&#8221; text_font_size_phone=&#8221;15px&#8221; text_font_size_last_edited=&#8221;on|phone&#8221; header_3_font_size_tablet=&#8221;&#8221; header_3_font_size_phone=&#8221;30px&#8221; header_3_font_size_last_edited=&#8221;on|phone&#8221; text_text_shadow_style=&#8221;preset3&#8243; text_text_shadow_blur_strength=&#8221;4em&#8221; global_colors_info=&#8221;{}&#8221;]<\/p>\n<h3>Les persones som comunicaci\u00f3<\/h3>\n<p>I nosaltres sabem crear relats corporatius que mobilitzin les persones.<\/p>\n<p>[\/et_pb_text][\/et_pb_column_inner][\/et_pb_row_inner][et_pb_row_inner custom_padding_last_edited=&#8221;on|phone&#8221; _builder_version=&#8221;4.16&#8243; _module_preset=&#8221;default&#8221; background_color=&#8221;#589199&#8243; custom_margin=&#8221;0px|0px|0px|0px|false|false&#8221; custom_padding=&#8221;50px|5%|50px|5%|false|false&#8221; custom_padding_tablet=&#8221;30px|30px|30px|30px|false|false&#8221; custom_padding_phone=&#8221;20px|20px|20px|20px|false|false&#8221; animation_style=&#8221;fade&#8221; animation_delay=&#8221;100ms&#8221; custom_css_main_element=&#8221;display:flex;||flex-direction:column;||justify-content:center;&#8221; global_colors_info=&#8221;{}&#8221;][et_pb_column_inner saved_specialty_column_type=&#8221;1_2&#8243; _builder_version=&#8221;4.16&#8243; _module_preset=&#8221;default&#8221; global_colors_info=&#8221;{}&#8221;][et_pb_text _builder_version=&#8221;4.16&#8243; _module_preset=&#8221;default&#8221; text_font_size=&#8221;18px&#8221; text_line_height=&#8221;1.3em&#8221; header_3_text_color=&#8221;#ffffff&#8221; header_3_font_size=&#8221;40px&#8221; header_3_line_height=&#8221;1em&#8221; background_layout=&#8221;dark&#8221; width=&#8221;90%&#8221; module_alignment=&#8221;center&#8221; custom_margin=&#8221;50px||50px||false|false&#8221; text_font_size_tablet=&#8221;&#8221; text_font_size_phone=&#8221;15px&#8221; text_font_size_last_edited=&#8221;on|phone&#8221; header_3_font_size_tablet=&#8221;&#8221; header_3_font_size_phone=&#8221;30px&#8221; header_3_font_size_last_edited=&#8221;on|phone&#8221; text_text_shadow_style=&#8221;preset3&#8243; text_text_shadow_blur_strength=&#8221;4em&#8221; global_colors_info=&#8221;{}&#8221;]<\/p>\n<h3>Tot necessita el seu temps<\/h3>\n<p>Et dediquem el m\u00e9s valu\u00f3s que tenim, el nostre temps. Tant com en necessitis.<\/p>\n<p>[\/et_pb_text][\/et_pb_column_inner][\/et_pb_row_inner][\/et_pb_column][\/et_pb_section][et_pb_section fb_built=&#8221;1&#8243; admin_label=&#8221;Fons verd&#8221; _builder_version=&#8221;4.16&#8243; _module_preset=&#8221;default&#8221; background_color=&#8221;#f5f0d0&#8243; animation_style=&#8221;fade&#8221; animation_delay=&#8221;200ms&#8221; motion_trigger_start=&#8221;top&#8221; collapsed=&#8221;on&#8221; global_colors_info=&#8221;{}&#8221;][et_pb_row column_structure=&#8221;1_3,1_3,1_3&#8243; use_custom_gutter=&#8221;on&#8221; gutter_width=&#8221;2&#8243; _builder_version=&#8221;4.16&#8243; _module_preset=&#8221;default&#8221; custom_margin=&#8221;||3em||false|false&#8221; custom_padding=&#8221;0px||0px|||&#8221; global_colors_info=&#8221;{}&#8221;][et_pb_column type=&#8221;1_3&#8243; _builder_version=&#8221;4.16&#8243; _module_preset=&#8221;default&#8221; global_colors_info=&#8221;{}&#8221;][et_pb_text _builder_version=&#8221;4.16&#8243; _module_preset=&#8221;29e94d50-7797-4b46-9d7b-6b67bd580048&#8243; global_colors_info=&#8221;{}&#8221;]<\/p>\n<h2>Els nostres<br \/> valors<\/h2>\n<p>[\/et_pb_text][\/et_pb_column][et_pb_column type=&#8221;1_3&#8243; _builder_version=&#8221;4.16&#8243; _module_preset=&#8221;default&#8221; global_colors_info=&#8221;{}&#8221;][et_pb_text _builder_version=&#8221;4.16&#8243; _module_preset=&#8221;db92c139-e366-421d-97e1-4f677585b690&#8243; header_3_font_size_tablet=&#8221;&#8221; header_3_font_size_phone=&#8221;25px&#8221; header_3_font_size_last_edited=&#8221;on|phone&#8221; global_colors_info=&#8221;{}&#8221;]<\/p>\n<h3><strong style>Proximitat<\/strong><br \/>\n<span style=\"font-size:70%\">en les relacions<\/span><\/h3>\n<p>Estem a prop i amb tu.<br \/> Ens posem al teu lloc <br \/> per viure i sentir la teva realitat.<\/p>\n<p>[\/et_pb_text][\/et_pb_column][et_pb_column type=&#8221;1_3&#8243; _builder_version=&#8221;4.16&#8243; _module_preset=&#8221;default&#8221; global_colors_info=&#8221;{}&#8221;][et_pb_text _builder_version=&#8221;4.16&#8243; _module_preset=&#8221;default&#8221; text_text_color=&#8221;#000000&#8243; text_font_size=&#8221;15px&#8221; text_line_height=&#8221;1.3em&#8221; header_3_text_color=&#8221;#000000&#8243; header_3_font_size=&#8221;35px&#8221; header_3_line_height=&#8221;0.9em&#8221; max_width=&#8221;85%&#8221; custom_margin=&#8221;||0px||false|false&#8221; custom_padding=&#8221;1em||||false|false&#8221; header_3_font_size_tablet=&#8221;&#8221; header_3_font_size_phone=&#8221;25px&#8221; header_3_font_size_last_edited=&#8221;on|phone&#8221; border_width_top=&#8221;2px&#8221; border_color_top=&#8221;#589199&#8243; global_colors_info=&#8221;{}&#8221;]<\/p>\n<h3><strong>Singularitat<\/strong><br \/><span style=\"font-size:70%\">en la mirada<\/span><\/h3>\n<p>T&#8217;aportem una visi\u00f3 i una an\u00e0lisi pr\u00f2pia, \u00faniac i particular, honesta i clara, que sempre suma.<\/p>\n<p>[\/et_pb_text][\/et_pb_column][\/et_pb_row][et_pb_row column_structure=&#8221;1_3,1_3,1_3&#8243; use_custom_gutter=&#8221;on&#8221; gutter_width=&#8221;2&#8243; _builder_version=&#8221;4.16&#8243; _module_preset=&#8221;default&#8221; use_background_color_gradient=&#8221;on&#8221; background_color_gradient_direction=&#8221;45deg&#8221; background_color_gradient_stops=&#8221;rgba(0,0,0,0) 2%|rgba(0,0,0,0) 2%&#8221; background_color_gradient_start=&#8221;rgba(0,0,0,0)&#8221; background_color_gradient_start_position=&#8221;2%&#8221; background_color_gradient_end=&#8221;rgba(0,0,0,0)&#8221; background_color_gradient_end_position=&#8221;2%&#8221; custom_padding=&#8221;0px||0px|||&#8221; global_colors_info=&#8221;{}&#8221;][et_pb_column type=&#8221;1_3&#8243; _builder_version=&#8221;4.16&#8243; _module_preset=&#8221;default&#8221; global_colors_info=&#8221;{}&#8221;][\/et_pb_column][et_pb_column type=&#8221;1_3&#8243; _builder_version=&#8221;4.16&#8243; _module_preset=&#8221;default&#8221; global_colors_info=&#8221;{}&#8221;][et_pb_text _builder_version=&#8221;4.16&#8243; _module_preset=&#8221;db92c139-e366-421d-97e1-4f677585b690&#8243; header_3_font_size_tablet=&#8221;&#8221; header_3_font_size_phone=&#8221;25px&#8221; header_3_font_size_last_edited=&#8221;on|phone&#8221; global_colors_info=&#8221;{}&#8221;]<\/p>\n<h3><strong>Efici\u00e8ncia <\/strong><br \/><span style=\"font-size:70%\">en l&#8217;acci\u00f3<\/span><\/h3>\n<p>Ens centrem en el que \u00e9s \u00fatil i necessari, aqu\u00ed i ara. El que aporta valor i \u00e9s sostenible.<\/p>\n<p>[\/et_pb_text][\/et_pb_column][et_pb_column type=&#8221;1_3&#8243; _builder_version=&#8221;4.16&#8243; _module_preset=&#8221;default&#8221; global_colors_info=&#8221;{}&#8221;][et_pb_text _builder_version=&#8221;4.16&#8243; _module_preset=&#8221;default&#8221; text_text_color=&#8221;#000000&#8243; text_font_size=&#8221;15px&#8221; text_line_height=&#8221;1.3em&#8221; header_3_text_color=&#8221;#000000&#8243; header_3_font_size=&#8221;35px&#8221; header_3_line_height=&#8221;0.9em&#8221; max_width=&#8221;85%&#8221; custom_margin=&#8221;||0px||false|false&#8221; custom_padding=&#8221;1em||||false|false&#8221; header_3_font_size_tablet=&#8221;&#8221; header_3_font_size_phone=&#8221;25px&#8221; header_3_font_size_last_edited=&#8221;on|phone&#8221; border_width_top=&#8221;2px&#8221; border_color_top=&#8221;#589199&#8243; global_colors_info=&#8221;{}&#8221;]<\/p>\n<h3><strong>Humanitat<\/strong><br \/><span style=\"font-size:70%\">com a identitat<\/span><\/h3>\n<p>Creiem en organitzacions humanes i en les relacions personals. Empoderar les persones com a part de la soluci\u00f3.<\/p>\n<p>[\/et_pb_text][\/et_pb_column][\/et_pb_row][\/et_pb_section]<\/p>\n","protected":false},"excerpt":{"rendered":"<p>Som consultors per vocaci\u00f3. Treballem per a tu.\u00c9s a la nostra ess\u00e8ncia i explica la nostra hist\u00f2ria. Hem fet de la nostra passi\u00f3, &#8220;les relacions entre les persones&#8221;, la nostra professi\u00f3: Consultors de confian\u00e7a per a projectes de canvi organitzacional i Headhunting.Nom\u00e9s coneixem una manera de treballar: dir-te clarament el que pensem, i fer les [&hellip;]<\/p>\n","protected":false},"author":1,"featured_media":0,"parent":0,"menu_order":0,"comment_status":"closed","ping_status":"closed","template":"","meta":{"_et_pb_use_builder":"on","_et_pb_old_content":"","_et_gb_content_width":"","inline_featured_image":false,"footnotes":""},"class_list":["post-4033","page","type-page","status-publish","hentry"],"_links":{"self":[{"href":"https:\/\/www.placonsultoria.com\/ca\/wp-json\/wp\/v2\/pages\/4033","targetHints":{"allow":["GET"]}}],"collection":[{"href":"https:\/\/www.placonsultoria.com\/ca\/wp-json\/wp\/v2\/pages"}],"about":[{"href":"https:\/\/www.placonsultoria.com\/ca\/wp-json\/wp\/v2\/types\/page"}],"author":[{"embeddable":true,"href":"https:\/\/www.placonsultoria.com\/ca\/wp-json\/wp\/v2\/users\/1"}],"replies":[{"embeddable":true,"href":"https:\/\/www.placonsultoria.com\/ca\/wp-json\/wp\/v2\/comments?post=4033"}],"version-history":[{"count":18,"href":"https:\/\/www.placonsultoria.com\/ca\/wp-json\/wp\/v2\/pages\/4033\/revisions"}],"predecessor-version":[{"id":7364,"href":"https:\/\/www.placonsultoria.com\/ca\/wp-json\/wp\/v2\/pages\/4033\/revisions\/7364"}],"wp:attachment":[{"href":"https:\/\/www.placonsultoria.com\/ca\/wp-json\/wp\/v2\/media?parent=4033"}],"curies":[{"name":"wp","href":"https:\/\/api.w.org\/{rel}","templated":true}]}}