{"id":4036,"date":"2020-07-21T09:31:02","date_gmt":"2020-07-21T07:31:02","guid":{"rendered":"https:\/\/www.placonsultoria.com\/transformacio-organitzacional\/"},"modified":"2023-06-04T22:05:14","modified_gmt":"2023-06-04T20:05:14","slug":"transformacio-organitzacional","status":"publish","type":"page","link":"https:\/\/www.placonsultoria.com\/ca\/transformacio-organitzacional\/","title":{"rendered":"Transformaci\u00f3 organitzacional"},"content":{"rendered":"<p>[et_pb_section fb_built=&#8221;1&#8243; admin_label=&#8221;Cap\u00e7alera&#8221; _builder_version=&#8221;4.16&#8243; _module_preset=&#8221;default&#8221; use_background_color_gradient=&#8221;on&#8221; background_color_gradient_stops=&#8221;rgba(0,0,0,0) 51%|#000000 100%&#8221; background_color_gradient_start=&#8221;rgba(0,0,0,0)&#8221; background_color_gradient_start_position=&#8221;51%&#8221; background_color_gradient_end=&#8221;#000000&#8243; background_image=&#8221;https:\/\/www.placonsultoria.com\/wp-content\/uploads\/2020\/09\/transformacio-organizacional-scaled.jpg&#8221; parallax=&#8221;on&#8221; custom_margin=&#8221;0px||0px||false|false&#8221; custom_padding=&#8221;0px||0px||false|false&#8221; background_last_edited=&#8221;off|desktop&#8221; use_background_color_gradient_tablet=&#8221;off&#8221; parallax_phone=&#8221;on&#8221; background_position_phone=&#8221;top_right&#8221; collapsed=&#8221;on&#8221; global_colors_info=&#8221;{}&#8221;][et_pb_row custom_padding_last_edited=&#8221;on|phone&#8221; _builder_version=&#8221;4.16&#8243; _module_preset=&#8221;default&#8221; custom_margin=&#8221;||||false|false&#8221; custom_padding=&#8221;40vh||0px||false|false&#8221; custom_padding_tablet=&#8221;&#8221; custom_padding_phone=&#8221;30vh||||false|false&#8221; global_colors_info=&#8221;{}&#8221;][et_pb_column type=&#8221;4_4&#8243; _builder_version=&#8221;4.16&#8243; _module_preset=&#8221;default&#8221; global_colors_info=&#8221;{}&#8221;][et_pb_text _builder_version=&#8221;4.16&#8243; _module_preset=&#8221;d15edb5e-a40b-4002-97a6-e5103cfbb476&#8243; header_font_tablet=&#8221;&#8221; header_font_phone=&#8221;&#8221; header_font_last_edited=&#8221;on|phone&#8221; header_font_size_phone=&#8221;35px&#8221; global_colors_info=&#8221;{}&#8221;]<\/p>\n<h1>La Transformaci\u00f3 Organitzacional \u00e9s la<span class=\"destacat\"> resposta als nous reptes <\/span> i la incertesa del mercat<\/h1>\n<p>[\/et_pb_text][\/et_pb_column][\/et_pb_row][et_pb_row column_structure=&#8221;3_4,1_4&#8243; _builder_version=&#8221;4.16&#8243; _module_preset=&#8221;default&#8221; custom_padding=&#8221;50px||50px||false|false&#8221; global_colors_info=&#8221;{}&#8221;][et_pb_column type=&#8221;3_4&#8243; _builder_version=&#8221;4.16&#8243; _module_preset=&#8221;default&#8221; global_colors_info=&#8221;{}&#8221;][et_pb_text _builder_version=&#8221;4.16&#8243; _module_preset=&#8221;d15edb5e-a40b-4002-97a6-e5103cfbb476&#8243; global_colors_info=&#8221;{}&#8221;]<\/p>\n<h2>Transformar a l&#8217;organitzaci\u00f3 a trav\u00e9s de les seves persones. <br \/> Aquest \u00e9s el nostre comprom\u00eds amb tu.<\/p>\n<\/h2>\n<p>[\/et_pb_text][\/et_pb_column][et_pb_column type=&#8221;1_4&#8243; _builder_version=&#8221;4.16&#8243; _module_preset=&#8221;default&#8221; global_colors_info=&#8221;{}&#8221;][\/et_pb_column][\/et_pb_row][\/et_pb_section][et_pb_section fb_built=&#8221;1&#8243; admin_label=&#8221;fons groc&#8221; _builder_version=&#8221;4.16&#8243; _module_preset=&#8221;default&#8221; background_color=&#8221;#589199&#8243; custom_margin=&#8221;0px||0px||false|false&#8221; custom_padding=&#8221;0vh||0vh||false|false&#8221; collapsed=&#8221;on&#8221; global_colors_info=&#8221;{}&#8221;][et_pb_row _builder_version=&#8221;4.16&#8243; _module_preset=&#8221;default&#8221; background_color=&#8221;rgba(0,0,0,0)&#8221; background_color_gradient_direction=&#8221;225deg&#8221; global_colors_info=&#8221;{}&#8221;][et_pb_column type=&#8221;4_4&#8243; _builder_version=&#8221;4.16&#8243; _module_preset=&#8221;default&#8221; global_colors_info=&#8221;{}&#8221;][et_pb_text _builder_version=&#8221;4.16&#8243; _module_preset=&#8221;81c7dcbb-7831-4ade-8f95-d90f1e0d38fc&#8221; global_colors_info=&#8221;{}&#8221;]<\/p>\n<p>Canviar per adaptar-nos al mercat i al client. Canviar per adaptar-nos a una realitat incerta. <span class=\"destacat\"> Un canvi que genera valor.<\/span><\/p>\n<p>[\/et_pb_text][\/et_pb_column][\/et_pb_row][\/et_pb_section][et_pb_section fb_built=&#8221;1&#8243; admin_label=&#8221;fons blanc&#8221; _builder_version=&#8221;4.16&#8243; _module_preset=&#8221;default&#8221; custom_margin=&#8221;50px||0px||false|false&#8221; custom_padding=&#8221;0px||0px||false|false&#8221; collapsed=&#8221;on&#8221; global_colors_info=&#8221;{}&#8221;][et_pb_row column_structure=&#8221;3_5,2_5&#8243; _builder_version=&#8221;4.16&#8243; _module_preset=&#8221;default&#8221; use_background_color_gradient=&#8221;on&#8221; background_color_gradient_direction=&#8221;225deg&#8221; background_color_gradient_stops=&#8221;#589199 25px|rgba(0,0,0,0) 25px&#8221; background_color_gradient_start=&#8221;#589199&#8243; background_color_gradient_start_position=&#8221;25px&#8221; background_color_gradient_end=&#8221;rgba(0,0,0,0)&#8221; background_color_gradient_end_position=&#8221;25px&#8221; custom_margin=&#8221;25px||0px||false|false&#8221; custom_padding=&#8221;5vh||0px||false|false&#8221; global_colors_info=&#8221;{}&#8221;][et_pb_column type=&#8221;3_5&#8243; _builder_version=&#8221;4.16&#8243; _module_preset=&#8221;default&#8221; global_colors_info=&#8221;{}&#8221;][et_pb_text _builder_version=&#8221;4.16&#8243; _module_preset=&#8221;default&#8221; text_text_color=&#8221;#1dd3b0&#8243; text_font_size=&#8221;20px&#8221; custom_margin=&#8221;0px||9px||false|false&#8221; global_colors_info=&#8221;{}&#8221;]Canvi organitzacional[\/et_pb_text][\/et_pb_column][et_pb_column type=&#8221;2_5&#8243; _builder_version=&#8221;4.16&#8243; _module_preset=&#8221;default&#8221; global_colors_info=&#8221;{}&#8221;][\/et_pb_column][\/et_pb_row][et_pb_row _builder_version=&#8221;4.16&#8243; _module_preset=&#8221;default&#8221; background_color_gradient_direction=&#8221;225deg&#8221; custom_margin=&#8221;0px||0px||false|false&#8221; custom_padding=&#8221;0px||0px||false|false&#8221; global_colors_info=&#8221;{}&#8221;][et_pb_column type=&#8221;4_4&#8243; _builder_version=&#8221;4.16&#8243; _module_preset=&#8221;default&#8221; global_colors_info=&#8221;{}&#8221;][et_pb_text _builder_version=&#8221;4.16&#8243; _module_preset=&#8221;29e94d50-7797-4b46-9d7b-6b67bd580048&#8243; global_colors_info=&#8221;{}&#8221;]<\/p>\n<h2>Alineem el talent de les persones,<br \/>\nl&#8217;estructura organitzativa i els processos de<br \/>\nla companyia, a les necessitats reals<br \/>\ndel mercat.<\/h2>\n<p>[\/et_pb_text][\/et_pb_column][\/et_pb_row][\/et_pb_section][et_pb_section fb_built=&#8221;1&#8243; admin_label=&#8221;Fons mixt&#8221; _builder_version=&#8221;4.16&#8243; _module_preset=&#8221;default&#8221; use_background_color_gradient=&#8221;on&#8221; background_color_gradient_direction=&#8221;-90deg&#8221; background_color_gradient_stops=&#8221;#f5f0d0 50%|rgba(0,0,0,0) 50%&#8221; background_color_gradient_start=&#8221;#f5f0d0&#8243; background_color_gradient_start_position=&#8221;50%&#8221; background_color_gradient_end=&#8221;rgba(0,0,0,0)&#8221; background_color_gradient_end_position=&#8221;50%&#8221; custom_margin=&#8221;50px||50px||false|false&#8221; custom_padding=&#8221;||50px||false|false&#8221; collapsed=&#8221;on&#8221; global_colors_info=&#8221;{}&#8221;][et_pb_row column_structure=&#8221;1_3,2_3&#8243; _builder_version=&#8221;4.16&#8243; _module_preset=&#8221;default&#8221; custom_margin=&#8221;-2px|auto|0vh|auto|false|false&#8221; custom_padding=&#8221;0px|0px|0px|0px|false|false&#8221; global_colors_info=&#8221;{}&#8221;][et_pb_column type=&#8221;1_3&#8243; _builder_version=&#8221;4.16&#8243; _module_preset=&#8221;default&#8221; global_colors_info=&#8221;{}&#8221;][\/et_pb_column][et_pb_column type=&#8221;2_3&#8243; _builder_version=&#8221;4.16&#8243; _module_preset=&#8221;default&#8221; global_colors_info=&#8221;{}&#8221;][et_pb_blurb image=&#8221;https:\/\/www.placonsultoria.com\/wp-content\/uploads\/\/2020\/09\/accent-logo-plaassociats.svg&#8221; _builder_version=&#8221;4.16&#8243; _module_preset=&#8221;f39edffc-55eb-4c24-a2d7-39fed3c6476f&#8221; global_colors_info=&#8221;{}&#8221;]Treballem el prop\u00f2sit de la companyia,&nbsp;<br \/>\nla seva cultura i els seus valors.[\/et_pb_blurb][et_pb_blurb image=&#8221;https:\/\/www.placonsultoria.com\/wp-content\/uploads\/\/2020\/09\/accent-logo-plaassociats.svg&#8221; _builder_version=&#8221;4.16&#8243; _module_preset=&#8221;f39edffc-55eb-4c24-a2d7-39fed3c6476f&#8221; global_colors_info=&#8221;{}&#8221;]Generem una estrat\u00e8gia i un model de negoci que sumin en efic\u00e0cia i estiguin adaptats a la realitat competitiva.[\/et_pb_blurb][et_pb_blurb image=&#8221;https:\/\/www.placonsultoria.com\/wp-content\/uploads\/\/2020\/09\/accent-logo-plaassociats.svg&#8221; _builder_version=&#8221;4.16&#8243; _module_preset=&#8221;f39edffc-55eb-4c24-a2d7-39fed3c6476f&#8221; global_colors_info=&#8221;{}&#8221;]Potenciem les seves persones i equips com&nbsp;<br \/>\na motor de transformaci\u00f3.[\/et_pb_blurb][et_pb_blurb image=&#8221;https:\/\/www.placonsultoria.com\/wp-content\/uploads\/\/2020\/09\/accent-logo-plaassociats.svg&#8221; _builder_version=&#8221;4.16&#8243; _module_preset=&#8221;f39edffc-55eb-4c24-a2d7-39fed3c6476f&#8221; global_colors_info=&#8221;{}&#8221;]<\/p>\n<p>Redissenyem els processos i l&#8217;estructura organitzativa per ser m\u00e9s \u00e0gils i eficients.<\/p>\n<p>[\/et_pb_blurb][et_pb_blurb image=&#8221;https:\/\/www.placonsultoria.com\/wp-content\/uploads\/\/2020\/09\/accent-logo-plaassociats.svg&#8221; _builder_version=&#8221;4.16&#8243; _module_preset=&#8221;f39edffc-55eb-4c24-a2d7-39fed3c6476f&#8221; global_colors_info=&#8221;{}&#8221;]Orientem l&#8217;organitzaci\u00f3 al mercat, buscant creixement, rendibilitat i innovaci\u00f3.[\/et_pb_blurb][et_pb_blurb image=&#8221;https:\/\/www.placonsultoria.com\/wp-content\/uploads\/\/2020\/09\/accent-logo-plaassociats.svg&#8221; _builder_version=&#8221;4.16&#8243; _module_preset=&#8221;f39edffc-55eb-4c24-a2d7-39fed3c6476f&#8221; global_colors_info=&#8221;{}&#8221;]Mantenim l&#8217;ess\u00e8ncia de la singularitat:&nbsp;<br \/>evolucionar per continuar essent.[\/et_pb_blurb][\/et_pb_column][\/et_pb_row][\/et_pb_section][et_pb_section fb_built=&#8221;1&#8243; admin_label=&#8221;Fons mixt&#8221; _builder_version=&#8221;4.16&#8243; _module_preset=&#8221;default&#8221; use_background_color_gradient=&#8221;on&#8221; background_color_gradient_direction=&#8221;90deg&#8221; background_color_gradient_stops=&#8221;#1dd3b0 40%|rgba(0,0,0,0) 40%&#8221; background_color_gradient_start=&#8221;#1dd3b0&#8243; background_color_gradient_start_position=&#8221;40%&#8221; background_color_gradient_end=&#8221;rgba(0,0,0,0)&#8221; background_color_gradient_end_position=&#8221;40%&#8221; custom_margin=&#8221;50px||50px||false|false&#8221; custom_padding=&#8221;75px||75px||false|false&#8221; background_color_phone=&#8221;#1dd3b0&#8243; background_last_edited=&#8221;on|phone&#8221; background_enable_color_phone=&#8221;on&#8221; background_color_gradient_direction_phone=&#8221;180deg&#8221; background_color_gradient_stops_tablet=&#8221;#1dd3b0 75%|rgba(0,0,0,0) 75%&#8221; background_color_gradient_stops_phone=&#8221;#1dd3b0 40%|rgba(0,0,0,0) 40%&#8221; background_color_gradient_start_position_tablet=&#8221;75%&#8221; background_color_gradient_start_position_phone=&#8221;40%&#8221; background_color_gradient_end_position_tablet=&#8221;75%&#8221; background_color_gradient_end_position_phone=&#8221;40%&#8221; collapsed=&#8221;on&#8221; global_colors_info=&#8221;{}&#8221;][et_pb_row column_structure=&#8221;2_3,1_3&#8243; _builder_version=&#8221;4.16&#8243; _module_preset=&#8221;default&#8221; custom_padding=&#8221;0px|0px||0px|false|false&#8221; global_colors_info=&#8221;{}&#8221;][et_pb_column type=&#8221;2_3&#8243; _builder_version=&#8221;4.16&#8243; _module_preset=&#8221;default&#8221; global_colors_info=&#8221;{}&#8221;][et_pb_text _builder_version=&#8221;4.16&#8243; _module_preset=&#8221;a79c5492-d860-4180-bb67-17c0afc47b2e&#8221; global_colors_info=&#8221;{}&#8221;]<\/p>\n<h2><strong> L&#8217;acci\u00f3 ens defineix.<br \/> Consultoria d&#8217;intervenci\u00f3.<\/strong><br \/>Intervenim des del primer dia perqu\u00e8 el projecte avanci. Amb una metodologia pr\u00f2pia, efica\u00e7 i codissenyada a mida de cada organitzaci\u00f3.<\/h2>\n<p>[\/et_pb_text][et_pb_text _builder_version=&#8221;4.16&#8243; _module_preset=&#8221;a79c5492-d860-4180-bb67-17c0afc47b2e&#8221; global_colors_info=&#8221;{}&#8221;]Un proc\u00e9s en 7 etapes, formulat per John P.Kotter,<br \/>\nque per la nostra experi\u00e8ncia \u00e9s <strong>garantia d&#8217;\u00e8xit<\/strong>.[\/et_pb_text][\/et_pb_column][et_pb_column type=&#8221;1_3&#8243; _builder_version=&#8221;4.16&#8243; _module_preset=&#8221;default&#8221; global_colors_info=&#8221;{}&#8221;][\/et_pb_column][\/et_pb_row][\/et_pb_section][et_pb_section fb_built=&#8221;1&#8243; custom_padding_last_edited=&#8221;off|desktop&#8221; module_id=&#8221;proces&#8221; _builder_version=&#8221;4.16&#8243; _module_preset=&#8221;default&#8221; background_color=&#8221;#ced6c7&#8243; width_tablet=&#8221;&#8221; width_phone=&#8221;80%&#8221; width_last_edited=&#8221;on|phone&#8221; max_width=&#8221;600px&#8221; module_alignment=&#8221;center&#8221; custom_padding=&#8221;0px||75px||false|false&#8221; custom_padding_tablet=&#8221;0px|0em|15vh|0em|false|false&#8221; bottom_divider_style=&#8221;arrow&#8221; bottom_divider_color=&#8221;#dbf8f2&#8243; global_colors_info=&#8221;{}&#8221;][et_pb_row _builder_version=&#8221;4.16&#8243; _module_preset=&#8221;5e4e7d37-ac2c-42f3-96c2-8c05c6c5691d&#8221; global_colors_info=&#8221;{}&#8221;][et_pb_column type=&#8221;4_4&#8243; _builder_version=&#8221;4.16&#8243; _module_preset=&#8221;default&#8221; global_colors_info=&#8221;{}&#8221;][et_pb_text _builder_version=&#8221;4.16&#8243; _module_preset=&#8221;c4bf3375-01e3-494a-b35c-f9c026e19055&#8243; global_colors_info=&#8221;{}&#8221;]1[\/et_pb_text][et_pb_text _builder_version=&#8221;4.16&#8243; _module_preset=&#8221;4b5df182-92bc-4eb2-8f71-298100971d45&#8243; global_colors_info=&#8221;{}&#8221;]<\/p>\n<h3>Alian\u00e7a i ruta<\/h3>\n<p>[\/et_pb_text][et_pb_accordion db_closeable=&#8221;on&#8221; db_initial_state=&#8221;all_closed&#8221; open_toggle_text_color=&#8221;#000000&#8243; open_toggle_background_color=&#8221;rgba(0,0,0,0)&#8221; closed_toggle_text_color=&#8221;#000000&#8243; closed_toggle_background_color=&#8221;rgba(0,0,0,0)&#8221; icon_color=&#8221;#589199&#8243; module_class=&#8221;proces-acordio&#8221; _builder_version=&#8221;4.16&#8243; _module_preset=&#8221;d46c7fbb-a633-476f-96c6-76d86cf6a144&#8243; toggle_text_color=&#8221;#000000&#8243; toggle_level=&#8221;h4&#8243; toggle_font=&#8221;DM Sans||||||||&#8221; toggle_font_size=&#8221;15px&#8221; closed_toggle_font_size=&#8221;15px&#8221; body_font_size=&#8221;15px&#8221; body_line_height=&#8221;1.2em&#8221; text_orientation=&#8221;center&#8221; max_width=&#8221;500px&#8221; module_alignment=&#8221;center&#8221; custom_margin=&#8221;-20px||||false|false&#8221; border_width_all=&#8221;0px&#8221; locked=&#8221;off&#8221; global_colors_info=&#8221;{}&#8221;][et_pb_accordion_item title=&#8221;Treballem amb tu i per a tu, i pactem una relaci\u00f3 basada en la transpar\u00e8ncia, la igualtat i la honestedat.&#8221; open=&#8221;on&#8221; _builder_version=&#8221;4.16&#8243; _module_preset=&#8221;default&#8221; global_colors_info=&#8221;{}&#8221;]Constru\u00efm una alian\u00e7a amb la propietat i l&#8217;alta direcci\u00f3, com a assessors independents (trust advisor). Compartim visi\u00f3 i comprom\u00eds amb un full de ruta, flexible i adaptable, que generi nous reptes i oportunitats.[\/et_pb_accordion_item][\/et_pb_accordion][\/et_pb_column][\/et_pb_row][\/et_pb_section][et_pb_section fb_built=&#8221;1&#8243; custom_padding_last_edited=&#8221;off|desktop&#8221; _builder_version=&#8221;4.19.1&#8243; _module_preset=&#8221;default&#8221; background_color=&#8221;#dbf8f2&#8243; max_width=&#8221;600px&#8221; max_width_tablet=&#8221;&#8221; max_width_phone=&#8221;80%&#8221; max_width_last_edited=&#8221;on|desktop&#8221; module_alignment=&#8221;center&#8221; custom_padding=&#8221;0px||75px||false|false&#8221; custom_padding_tablet=&#8221;0px|0em|150px|0em|false|false&#8221; bottom_divider_style=&#8221;arrow&#8221; bottom_divider_color=&#8221;#b6f1e6&#8243; hover_enabled=&#8221;0&#8243; global_colors_info=&#8221;{}&#8221; bottom_divider_height=&#8221;77px&#8221; sticky_enabled=&#8221;0&#8243;][et_pb_row _builder_version=&#8221;4.19.1&#8243; _module_preset=&#8221;5e4e7d37-ac2c-42f3-96c2-8c05c6c5691d&#8221; hover_enabled=&#8221;0&#8243; global_colors_info=&#8221;{}&#8221; background_color=&#8221;#dbf8f2&#8243; sticky_enabled=&#8221;0&#8243;][et_pb_column type=&#8221;4_4&#8243; _builder_version=&#8221;4.16&#8243; _module_preset=&#8221;default&#8221; global_colors_info=&#8221;{}&#8221;][et_pb_text _builder_version=&#8221;4.16&#8243; _module_preset=&#8221;c4bf3375-01e3-494a-b35c-f9c026e19055&#8243; global_colors_info=&#8221;{}&#8221;]<\/p>\n<p>2<\/p>\n<p>[\/et_pb_text][et_pb_text _builder_version=&#8221;4.16&#8243; _module_preset=&#8221;4b5df182-92bc-4eb2-8f71-298100971d45&#8243; locked=&#8221;off&#8221; global_colors_info=&#8221;{}&#8221;]<\/p>\n<h3>Escolta i observaci\u00f3<\/h3>\n<p>[\/et_pb_text][et_pb_accordion db_closeable=&#8221;on&#8221; db_initial_state=&#8221;all_closed&#8221; open_toggle_text_color=&#8221;#000000&#8243; open_toggle_background_color=&#8221;rgba(0,0,0,0)&#8221; closed_toggle_background_color=&#8221;rgba(0,0,0,0)&#8221; icon_color=&#8221;#589199&#8243; module_class=&#8221;proces-acordio&#8221; _builder_version=&#8221;4.16&#8243; _module_preset=&#8221;3b003bb8-23b0-4da7-a647-45c4f740eb02&#8243; toggle_text_color=&#8221;#000000&#8243; toggle_level=&#8221;h4&#8243; toggle_font=&#8221;DM Sans||||||||&#8221; toggle_font_size=&#8221;15px&#8221; body_font_size=&#8221;15px&#8221; body_line_height=&#8221;1.3em&#8221; text_orientation=&#8221;center&#8221; max_width=&#8221;500px&#8221; module_alignment=&#8221;center&#8221; custom_margin=&#8221;-15px||||false|false&#8221; border_width_all=&#8221;0px&#8221; locked=&#8221;off&#8221; global_colors_info=&#8221;{}&#8221;][et_pb_accordion_item title=&#8221;Entendre \u00e9s un art, el d&#8217;escoltar activament, i aix\u00f2 ho fem molt b\u00e9.&#8221; open=&#8221;on&#8221; module_class=&#8221;proces-acordio&#8221; _builder_version=&#8221;4.16&#8243; _module_preset=&#8221;default&#8221; global_colors_info=&#8221;{}&#8221;]<\/p>\n<p>Escoltem les persones, per comprendre la companyia. Des d&#8217;una mirada positiva i sense tensi\u00f3. Apliquem la Indagaci\u00f3 Apreciativa, busquem fortaleses i oportunitats, els somnis i aspiracions, per potenciar l&#8217;ess\u00e8ncia.<\/p>\n<p>Mirem el mercat i els nous desafiaments i oportunitats. Cada persona i organitzaci\u00f3 \u00e9s sempre \u00fanica en la seva ess\u00e8ncia, i nosaltres treballem respectant-ne la singularitat.<\/p>\n<p>[\/et_pb_accordion_item][\/et_pb_accordion][\/et_pb_column][\/et_pb_row][\/et_pb_section][et_pb_section fb_built=&#8221;1&#8243; custom_padding_last_edited=&#8221;off|desktop&#8221; _builder_version=&#8221;4.16&#8243; _module_preset=&#8221;default&#8221; background_color=&#8221;#b6f1e6&#8243; max_width=&#8221;600px&#8221; max_width_tablet=&#8221;&#8221; max_width_phone=&#8221;80%&#8221; max_width_last_edited=&#8221;on|phone&#8221; module_alignment=&#8221;center&#8221; custom_padding=&#8221;0px||75px||false|false&#8221; custom_padding_tablet=&#8221;0px|0em|15vh|0em|false|false&#8221; bottom_divider_style=&#8221;arrow&#8221; bottom_divider_color=&#8221;#93ead9&#8243; global_colors_info=&#8221;{}&#8221;][et_pb_row _builder_version=&#8221;4.16&#8243; _module_preset=&#8221;5e4e7d37-ac2c-42f3-96c2-8c05c6c5691d&#8221; global_colors_info=&#8221;{}&#8221;][et_pb_column type=&#8221;4_4&#8243; _builder_version=&#8221;4.16&#8243; _module_preset=&#8221;default&#8221; global_colors_info=&#8221;{}&#8221;][et_pb_text _builder_version=&#8221;4.16&#8243; _module_preset=&#8221;c4bf3375-01e3-494a-b35c-f9c026e19055&#8243; global_colors_info=&#8221;{}&#8221;]<\/p>\n<p>3<\/p>\n<p>[\/et_pb_text][et_pb_text _builder_version=&#8221;4.16&#8243; _module_preset=&#8221;4b5df182-92bc-4eb2-8f71-298100971d45&#8243; locked=&#8221;off&#8221; global_colors_info=&#8221;{}&#8221;]<\/p>\n<h3>Sentit i prop\u00f2sit<\/h3>\n<p>[\/et_pb_text][et_pb_accordion db_closeable=&#8221;on&#8221; db_initial_state=&#8221;all_closed&#8221; open_toggle_text_color=&#8221;#000000&#8243; open_toggle_background_color=&#8221;rgba(0,0,0,0)&#8221; closed_toggle_background_color=&#8221;rgba(0,0,0,0)&#8221; icon_color=&#8221;#589199&#8243; module_class=&#8221;proces-acordio&#8221; _builder_version=&#8221;4.16&#8243; _module_preset=&#8221;3b003bb8-23b0-4da7-a647-45c4f740eb02&#8243; toggle_text_color=&#8221;#000000&#8243; toggle_level=&#8221;h4&#8243; toggle_font=&#8221;DM Sans||||||||&#8221; toggle_font_size=&#8221;15px&#8221; closed_toggle_font_size=&#8221;15px&#8221; body_text_color=&#8221;#000000&#8243; body_font_size=&#8221;15px&#8221; body_line_height=&#8221;1.3em&#8221; text_orientation=&#8221;center&#8221; max_width=&#8221;500px&#8221; module_alignment=&#8221;center&#8221; custom_margin=&#8221;-15px||||false|false&#8221; border_width_all=&#8221;0px&#8221; locked=&#8221;off&#8221; global_colors_info=&#8221;{}&#8221;][et_pb_accordion_item title=&#8221;Generant sentit, creem valor.&#8221; open=&#8221;on&#8221; _builder_version=&#8221;4.16&#8243; _module_preset=&#8221;default&#8221; global_colors_info=&#8221;{}&#8221;]Dissenyem i posem en marxa una visi\u00f3 compartida.<\/p>\n<p>Comencem per definir un prop\u00f2sit i un repte. Identifiquem i constru\u00efm una cultura alineada al projecte. Sabem que la cultura \u00e9s el gran valor de les organitzacions que miren al futur amb una proposta pr\u00f2pia i guanyadora.<\/p>\n<p>Formalitzem uns valors i explicitem els comportaments que donen coher\u00e8ncia a tot el sistema.<\/p>\n<p>Treballem un relat a trav\u00e9s d&#8217;un potent pla de comunicaci\u00f3.[\/et_pb_accordion_item][\/et_pb_accordion][\/et_pb_column][\/et_pb_row][\/et_pb_section][et_pb_section fb_built=&#8221;1&#8243; custom_padding_last_edited=&#8221;off|desktop&#8221; _builder_version=&#8221;4.19.1&#8243; _module_preset=&#8221;default&#8221; background_color=&#8221;#93ead9&#8243; max_width=&#8221;600px&#8221; max_width_tablet=&#8221;&#8221; max_width_phone=&#8221;80%&#8221; max_width_last_edited=&#8221;on|phone&#8221; module_alignment=&#8221;center&#8221; custom_padding=&#8221;0px||75px||false|false&#8221; custom_padding_tablet=&#8221;0px|0em|15vh|0em|false|false&#8221; bottom_divider_style=&#8221;arrow&#8221; bottom_divider_color=&#8221;#6fe3cc&#8221; hover_enabled=&#8221;0&#8243; global_colors_info=&#8221;{}&#8221; sticky_enabled=&#8221;0&#8243;][et_pb_row _builder_version=&#8221;4.16&#8243; _module_preset=&#8221;5e4e7d37-ac2c-42f3-96c2-8c05c6c5691d&#8221; global_colors_info=&#8221;{}&#8221;][et_pb_column type=&#8221;4_4&#8243; _builder_version=&#8221;4.16&#8243; _module_preset=&#8221;default&#8221; global_colors_info=&#8221;{}&#8221;][et_pb_text _builder_version=&#8221;4.16&#8243; _module_preset=&#8221;c4bf3375-01e3-494a-b35c-f9c026e19055&#8243; global_colors_info=&#8221;{}&#8221;]<\/p>\n<p>4<\/p>\n<p>[\/et_pb_text][et_pb_text _builder_version=&#8221;4.16&#8243; _module_preset=&#8221;4b5df182-92bc-4eb2-8f71-298100971d45&#8243; locked=&#8221;off&#8221; global_colors_info=&#8221;{}&#8221;]<\/p>\n<h3>Transformaci\u00f3 i lideratge<\/h3>\n<p>[\/et_pb_text][et_pb_accordion db_closeable=&#8221;on&#8221; db_initial_state=&#8221;all_closed&#8221; open_toggle_text_color=&#8221;#000000&#8243; open_toggle_background_color=&#8221;rgba(0,0,0,0)&#8221; closed_toggle_background_color=&#8221;rgba(0,0,0,0)&#8221; icon_color=&#8221;#589199&#8243; module_class=&#8221;proces-acordio&#8221; _builder_version=&#8221;4.16&#8243; _module_preset=&#8221;3b003bb8-23b0-4da7-a647-45c4f740eb02&#8243; toggle_text_color=&#8221;#000000&#8243; toggle_level=&#8221;h4&#8243; toggle_font=&#8221;DM Sans||||||||&#8221; toggle_font_size=&#8221;15px&#8221; closed_toggle_font_size=&#8221;15px&#8221; body_text_color=&#8221;#000000&#8243; body_font_size=&#8221;15px&#8221; body_line_height=&#8221;1.3em&#8221; text_orientation=&#8221;center&#8221; max_width=&#8221;500px&#8221; module_alignment=&#8221;center&#8221; custom_margin=&#8221;-15px||||false|false&#8221; border_width_all=&#8221;0px&#8221; locked=&#8221;off&#8221; global_colors_info=&#8221;{}&#8221;][et_pb_accordion_item title=&#8221;Els l\u00edders canvien les coses i fan avan\u00e7ar.&#8221; open=&#8221;on&#8221; _builder_version=&#8221;4.16&#8243; _module_preset=&#8221;default&#8221; global_colors_info=&#8221;{}&#8221;]Fomentem, enfortim i expandim el lideratge a tota l&#8217;organitzaci\u00f3. Empoderem les persones, a trav\u00e9s del sistema, per prendre decisions \u00e0gils.<\/p>\n<p>Proposem una nova manera d&#8217;organitzar-nos. Nous processos clau, rols, pol\u00edtiques i eines de gesti\u00f3. Determinem un Pla estrat\u00e8gic i treballem la cadena de valor, els plans operatius, els kpi&#8217;s. Sempre mirant el mercat i el client. [\/et_pb_accordion_item][\/et_pb_accordion][\/et_pb_column][\/et_pb_row][\/et_pb_section][et_pb_section fb_built=&#8221;1&#8243; custom_padding_last_edited=&#8221;off|desktop&#8221; _builder_version=&#8221;4.16&#8243; _module_preset=&#8221;default&#8221; background_color=&#8221;#6fe3cc&#8221; max_width=&#8221;600px&#8221; max_width_tablet=&#8221;&#8221; max_width_phone=&#8221;80%&#8221; max_width_last_edited=&#8221;on|phone&#8221; module_alignment=&#8221;center&#8221; custom_padding=&#8221;0px||75px||false|false&#8221; custom_padding_tablet=&#8221;0px|0em|15vh|0em|false|false&#8221; bottom_divider_style=&#8221;arrow&#8221; bottom_divider_color=&#8221;#4adcc0&#8243; global_colors_info=&#8221;{}&#8221;][et_pb_row _builder_version=&#8221;4.16&#8243; _module_preset=&#8221;5e4e7d37-ac2c-42f3-96c2-8c05c6c5691d&#8221; global_colors_info=&#8221;{}&#8221;][et_pb_column type=&#8221;4_4&#8243; _builder_version=&#8221;4.16&#8243; _module_preset=&#8221;default&#8221; global_colors_info=&#8221;{}&#8221;][et_pb_text _builder_version=&#8221;4.16&#8243; _module_preset=&#8221;c4bf3375-01e3-494a-b35c-f9c026e19055&#8243; global_colors_info=&#8221;{}&#8221;]<\/p>\n<p>5<\/p>\n<p>[\/et_pb_text][et_pb_text _builder_version=&#8221;4.16&#8243; _module_preset=&#8221;4b5df182-92bc-4eb2-8f71-298100971d45&#8243; locked=&#8221;off&#8221; global_colors_info=&#8221;{}&#8221;]<\/p>\n<h3>Impuls i creixement<\/h3>\n<p>[\/et_pb_text][et_pb_accordion db_closeable=&#8221;on&#8221; db_initial_state=&#8221;all_closed&#8221; open_toggle_text_color=&#8221;#000000&#8243; open_toggle_background_color=&#8221;rgba(0,0,0,0)&#8221; closed_toggle_background_color=&#8221;rgba(0,0,0,0)&#8221; icon_color=&#8221;#589199&#8243; module_class=&#8221;proces-acordio&#8221; _builder_version=&#8221;4.16&#8243; _module_preset=&#8221;3b003bb8-23b0-4da7-a647-45c4f740eb02&#8243; toggle_text_color=&#8221;#000000&#8243; toggle_level=&#8221;h4&#8243; toggle_font=&#8221;DM Sans||||||||&#8221; toggle_font_size=&#8221;15px&#8221; closed_toggle_font_size=&#8221;15px&#8221; body_text_color=&#8221;#000000&#8243; body_font_size=&#8221;15px&#8221; body_line_height=&#8221;1.3em&#8221; text_orientation=&#8221;center&#8221; max_width=&#8221;500px&#8221; module_alignment=&#8221;center&#8221; custom_margin=&#8221;-15px||||false|false&#8221; border_width_all=&#8221;0px&#8221; locked=&#8221;off&#8221; global_colors_info=&#8221;{}&#8221;][et_pb_accordion_item title=&#8221;Col\u00b7laborant creem valor i donem solidesa al repte compartit&#8221; open=&#8221;on&#8221; _builder_version=&#8221;4.16&#8243; _module_preset=&#8221;default&#8221; global_colors_info=&#8221;{}&#8221;]Estenem el canvi a tots. \u00c9s el vostre projecte!<\/p>\n<p>Multipliquem l&#8217;impacte. Activem tot el sistema, sempre de forma controlada i intel\u00b7ligent, gestionant l&#8217;entropia i el desordre bo, segons les necessitats de cada \u00e0rea, implicant equips diversos en la millora, i tamb\u00e9 en l&#8217;estrat\u00e8gia, la innovaci\u00f3 i el canvi.<\/p>\n<p>Les bones idees milloren el dia a dia de les persones. Generem una nova comunicaci\u00f3, plena d&#8217;espais on compartir. El conjunt ja supera les individualitats i genera valor organitzacional.[\/et_pb_accordion_item][\/et_pb_accordion][\/et_pb_column][\/et_pb_row][\/et_pb_section][et_pb_section fb_built=&#8221;1&#8243; custom_padding_last_edited=&#8221;off|desktop&#8221; _builder_version=&#8221;4.16&#8243; _module_preset=&#8221;default&#8221; background_color=&#8221;#4adcc0&#8243; max_width=&#8221;600px&#8221; max_width_tablet=&#8221;&#8221; max_width_phone=&#8221;80%&#8221; max_width_last_edited=&#8221;on|phone&#8221; module_alignment=&#8221;center&#8221; custom_padding=&#8221;0px||75px||false|false&#8221; custom_padding_tablet=&#8221;0px|0em|15vh|0em|false|false&#8221; bottom_divider_style=&#8221;arrow&#8221; bottom_divider_color=&#8221;#2fd7b6&#8243; global_colors_info=&#8221;{}&#8221;][et_pb_row _builder_version=&#8221;4.16&#8243; _module_preset=&#8221;5e4e7d37-ac2c-42f3-96c2-8c05c6c5691d&#8221; global_colors_info=&#8221;{}&#8221;][et_pb_column type=&#8221;4_4&#8243; _builder_version=&#8221;4.16&#8243; _module_preset=&#8221;default&#8221; global_colors_info=&#8221;{}&#8221;][et_pb_text _builder_version=&#8221;4.16&#8243; _module_preset=&#8221;c4bf3375-01e3-494a-b35c-f9c026e19055&#8243; global_colors_info=&#8221;{}&#8221;]<\/p>\n<p>6<\/p>\n<p>[\/et_pb_text][et_pb_text _builder_version=&#8221;4.16&#8243; _module_preset=&#8221;4b5df182-92bc-4eb2-8f71-298100971d45&#8243; locked=&#8221;off&#8221; global_colors_info=&#8221;{}&#8221;]<\/p>\n<h3>Nou ecosistema de relacions<\/h3>\n<p>[\/et_pb_text][et_pb_accordion db_closeable=&#8221;on&#8221; db_initial_state=&#8221;all_closed&#8221; open_toggle_text_color=&#8221;#000000&#8243; open_toggle_background_color=&#8221;rgba(0,0,0,0)&#8221; closed_toggle_background_color=&#8221;rgba(0,0,0,0)&#8221; icon_color=&#8221;#589199&#8243; module_class=&#8221;proces-acordio&#8221; _builder_version=&#8221;4.16&#8243; _module_preset=&#8221;3b003bb8-23b0-4da7-a647-45c4f740eb02&#8243; toggle_text_color=&#8221;#000000&#8243; toggle_level=&#8221;h4&#8243; toggle_font=&#8221;DM Sans||||||||&#8221; toggle_font_size=&#8221;15px&#8221; closed_toggle_font_size=&#8221;15px&#8221; body_text_color=&#8221;#000000&#8243; body_font_size=&#8221;15px&#8221; body_line_height=&#8221;1.3em&#8221; text_orientation=&#8221;center&#8221; max_width=&#8221;500px&#8221; module_alignment=&#8221;center&#8221; custom_margin=&#8221;-15px||||false|false&#8221; border_width_all=&#8221;0px&#8221; locked=&#8221;off&#8221; global_colors_info=&#8221;{}&#8221;][et_pb_accordion_item title=&#8221;Aix\u00ed es genera un impuls de canvi, on el valor l&#8217;aporten les persones.&#8221; open=&#8221;on&#8221; _builder_version=&#8221;4.16&#8243; _module_preset=&#8221;default&#8221; global_colors_info=&#8221;{}&#8221;]Un nou prop\u00f2sit, cultura i valors, noves maneres de gestionar, nous comportaments. Una nova organitzaci\u00f3, de tots!<\/p>\n<p>Generant participaci\u00f3 aconseguim una nova manera d&#8217;interrelacionar-se, molt poderosa, generadora d&#8217;impuls i valor. Basada en els 4 asos que ens portaran a l&#8217;\u00e8xit del projecte de canvi: la confian\u00e7a, la innovaci\u00f3, el positivisme i el talent de les persones.[\/et_pb_accordion_item][\/et_pb_accordion][\/et_pb_column][\/et_pb_row][\/et_pb_section][et_pb_section fb_built=&#8221;1&#8243; custom_padding_last_edited=&#8221;off|phone&#8221; _builder_version=&#8221;4.16&#8243; _module_preset=&#8221;default&#8221; background_color=&#8221;#2fd7b6&#8243; max_width=&#8221;600px&#8221; max_width_tablet=&#8221;&#8221; max_width_phone=&#8221;80%&#8221; max_width_last_edited=&#8221;on|phone&#8221; module_alignment=&#8221;center&#8221; custom_margin=&#8221;||100px||false|false&#8221; custom_padding=&#8221;0px||75px||false|false&#8221; custom_padding_tablet=&#8221;0px|0em|150px|0em|false|false&#8221; bottom_divider_style=&#8221;arrow&#8221; bottom_divider_color=&#8221;#ffffff&#8221; global_colors_info=&#8221;{}&#8221;][et_pb_row _builder_version=&#8221;4.16&#8243; _module_preset=&#8221;5e4e7d37-ac2c-42f3-96c2-8c05c6c5691d&#8221; global_colors_info=&#8221;{}&#8221;][et_pb_column type=&#8221;4_4&#8243; _builder_version=&#8221;4.16&#8243; _module_preset=&#8221;default&#8221; global_colors_info=&#8221;{}&#8221;][et_pb_text _builder_version=&#8221;4.16&#8243; _module_preset=&#8221;c4bf3375-01e3-494a-b35c-f9c026e19055&#8243; global_colors_info=&#8221;{}&#8221;]<\/p>\n<p>7<\/p>\n<p>[\/et_pb_text][et_pb_text _builder_version=&#8221;4.16&#8243; _module_preset=&#8221;4b5df182-92bc-4eb2-8f71-298100971d45&#8243; locked=&#8221;off&#8221; global_colors_info=&#8221;{}&#8221;]<\/p>\n<h3>Curiositat i aprenentatge<\/h3>\n<p>[\/et_pb_text][et_pb_accordion db_closeable=&#8221;on&#8221; db_initial_state=&#8221;all_closed&#8221; open_toggle_text_color=&#8221;#000000&#8243; open_toggle_background_color=&#8221;rgba(0,0,0,0)&#8221; closed_toggle_background_color=&#8221;rgba(0,0,0,0)&#8221; icon_color=&#8221;#589199&#8243; module_class=&#8221;proces-acordio&#8221; _builder_version=&#8221;4.16&#8243; _module_preset=&#8221;3b003bb8-23b0-4da7-a647-45c4f740eb02&#8243; toggle_text_color=&#8221;#000000&#8243; toggle_level=&#8221;h4&#8243; toggle_font=&#8221;DM Sans||||||||&#8221; toggle_font_size=&#8221;15px&#8221; closed_toggle_font_size=&#8221;15px&#8221; body_text_color=&#8221;#000000&#8243; body_font_size=&#8221;15px&#8221; body_line_height=&#8221;1.3em&#8221; text_orientation=&#8221;center&#8221; max_width=&#8221;500px&#8221; module_alignment=&#8221;center&#8221; custom_margin=&#8221;-15px||||false|false&#8221; border_width_all=&#8221;0px&#8221; locked=&#8221;off&#8221; global_colors_info=&#8221;{}&#8221;][et_pb_accordion_item title=&#8221;El canvi est\u00e0 ancorat quan l&#8217;organitzaci\u00f3 avan\u00e7a de forma constant i direccionada per ella mateixa. Perqu\u00e8 aix\u00ed ho vol, perqu\u00e8 aix\u00ed ho sap fer.&#8221; open=&#8221;on&#8221; _builder_version=&#8221;4.16&#8243; _module_preset=&#8221;default&#8221; global_colors_info=&#8221;{}&#8221;]Canviar la mentalitat, la manera de pensar i de fer, \u00e9s el gran \u00e8xit d&#8217;un projecte de canvi. Els nous comportaments han d&#8217;avalar un abans i un despr\u00e9s.<\/p>\n<p>Capacitem les persones per enfrontar-se a entorns incerts i complexos. Preparem l&#8217;organitzaci\u00f3 per seguir innovant, aprenent i creixent per ella mateixa, fent de l&#8217;creixement una mica continu, org\u00e0nic i voluntari. [\/et_pb_accordion_item][\/et_pb_accordion][\/et_pb_column][\/et_pb_row][\/et_pb_section][et_pb_section fb_built=&#8221;1&#8243; module_id=&#8221;reptes&#8221; module_class=&#8221;retos&#8221; _builder_version=&#8221;4.16&#8243; _module_preset=&#8221;default&#8221; custom_padding=&#8221;100px|||||&#8221; collapsed=&#8221;on&#8221; global_colors_info=&#8221;{}&#8221;][et_pb_row column_structure=&#8221;1_2,1_2&#8243; _builder_version=&#8221;4.16&#8243; _module_preset=&#8221;default&#8221; use_background_color_gradient=&#8221;on&#8221; background_color_gradient_direction=&#8221;45deg&#8221; background_color_gradient_stops=&#8221;#589199 25px|rgba(0,0,0,0) 25px&#8221; background_color_gradient_start=&#8221;#589199&#8243; background_color_gradient_start_position=&#8221;25px&#8221; background_color_gradient_end=&#8221;rgba(0,0,0,0)&#8221; background_color_gradient_end_position=&#8221;25px&#8221; custom_margin=&#8221;0px||5vh||false|false&#8221; custom_padding=&#8221;0vh|0px|10vh|0px|false|false&#8221; global_colors_info=&#8221;{}&#8221;][et_pb_column type=&#8221;1_2&#8243; _builder_version=&#8221;4.16&#8243; _module_preset=&#8221;default&#8221; custom_padding=&#8221;19px||||false|false&#8221; global_colors_info=&#8221;{}&#8221;][et_pb_text _builder_version=&#8221;4.16&#8243; _module_preset=&#8221;29e94d50-7797-4b46-9d7b-6b67bd580048&#8243; global_colors_info=&#8221;{}&#8221;]<\/p>\n<h2><strong>Qu\u00e8 podem fer per tu?<\/strong> Qu\u00e8 t&#8217;agradaria aconseguir?<\/h2>\n<p>[\/et_pb_text][et_pb_text _builder_version=&#8221;4.16&#8243; _module_preset=&#8221;29e94d50-7797-4b46-9d7b-6b67bd580048&#8243; global_colors_info=&#8221;{}&#8221;]<\/p>\n<h3>Ja has fet el primer pas per a plantejar-te un canvi.<\/h3>\n<p>[\/et_pb_text][et_pb_text _builder_version=&#8221;4.16&#8243; _module_preset=&#8221;29e94d50-7797-4b46-9d7b-6b67bd580048&#8243; global_colors_info=&#8221;{}&#8221;]<\/p>\n<p class=\"p1\">Com a consultors d&#8217;organitzaci\u00f3, analitzem i diagnostiquem amb una mirada experta i independent, sempre global i sist\u00e8mica.<\/p>\n<p>Estarem encantats d&#8217;ajudar-te a tra\u00e7ar un pla d&#8217;acci\u00f3 per a activar a les persones a trobar solucions.<\/p>\n<p>Envia&#8217;ns un missatge i ens posem en contacte amb tu.<\/p>\n<p>[\/et_pb_text][\/et_pb_column][et_pb_column type=&#8221;1_2&#8243; _builder_version=&#8221;4.16&#8243; _module_preset=&#8221;default&#8221; global_colors_info=&#8221;{}&#8221;][et_pb_wpt_gravityform gravityform_id=&#8221;gf-4&#8243; title=&#8221;off&#8221; description=&#8221;off&#8221; ajax=&#8221;on&#8221; _builder_version=&#8221;4.5.6&#8243; _module_preset=&#8221;default&#8221; global_colors_info=&#8221;{}&#8221;][\/et_pb_wpt_gravityform][\/et_pb_column][\/et_pb_row][\/et_pb_section]<\/p>\n","protected":false},"excerpt":{"rendered":"<p>La Transformaci\u00f3 Organitzacional \u00e9s la resposta als nous reptes i la incertesa del mercatTransformar a l&#8217;organitzaci\u00f3 a trav\u00e9s de les seves persones. Aquest \u00e9s el nostre comprom\u00eds amb tu.Canviar per adaptar-nos al mercat i al client. Canviar per adaptar-nos a una realitat incerta. Un canvi que genera valor.Canvi organitzacionalAlineem el talent de les persones, l&#8217;estructura [&hellip;]<\/p>\n","protected":false},"author":1,"featured_media":0,"parent":0,"menu_order":0,"comment_status":"closed","ping_status":"closed","template":"","meta":{"_et_pb_use_builder":"on","_et_pb_old_content":"","_et_gb_content_width":"","inline_featured_image":false,"footnotes":""},"class_list":["post-4036","page","type-page","status-publish","hentry"],"_links":{"self":[{"href":"https:\/\/www.placonsultoria.com\/ca\/wp-json\/wp\/v2\/pages\/4036","targetHints":{"allow":["GET"]}}],"collection":[{"href":"https:\/\/www.placonsultoria.com\/ca\/wp-json\/wp\/v2\/pages"}],"about":[{"href":"https:\/\/www.placonsultoria.com\/ca\/wp-json\/wp\/v2\/types\/page"}],"author":[{"embeddable":true,"href":"https:\/\/www.placonsultoria.com\/ca\/wp-json\/wp\/v2\/users\/1"}],"replies":[{"embeddable":true,"href":"https:\/\/www.placonsultoria.com\/ca\/wp-json\/wp\/v2\/comments?post=4036"}],"version-history":[{"count":24,"href":"https:\/\/www.placonsultoria.com\/ca\/wp-json\/wp\/v2\/pages\/4036\/revisions"}],"predecessor-version":[{"id":8236,"href":"https:\/\/www.placonsultoria.com\/ca\/wp-json\/wp\/v2\/pages\/4036\/revisions\/8236"}],"wp:attachment":[{"href":"https:\/\/www.placonsultoria.com\/ca\/wp-json\/wp\/v2\/media?parent=4036"}],"curies":[{"name":"wp","href":"https:\/\/api.w.org\/{rel}","templated":true}]}}