{"id":4042,"date":"2020-10-02T10:15:56","date_gmt":"2020-10-02T10:15:56","guid":{"rendered":"https:\/\/www.placonsultoria.com\/empresa-familiar\/"},"modified":"2020-10-02T12:21:14","modified_gmt":"2020-10-02T12:21:14","slug":"empresa-familiar","status":"publish","type":"page","link":"https:\/\/www.placonsultoria.com\/ca\/empresa-familiar\/","title":{"rendered":"Empresa familiar"},"content":{"rendered":"<p>[et_pb_section fb_built=&#8221;1&#8243; admin_label=&#8221;Cap\u00e7alera&#8221; _builder_version=&#8221;4.6.5&#8243; _module_preset=&#8221;default&#8221; use_background_color_gradient=&#8221;on&#8221; background_color_gradient_start=&#8221;rgba(0,0,0,0)&#8221; background_color_gradient_end=&#8221;rgba(0,0,0,0.5)&#8221; background_color_gradient_end_position=&#8221;60%&#8221; background_color_gradient_overlays_image=&#8221;on&#8221; background_image=&#8221;https:\/\/www.placonsultoria.com\/wp-content\/uploads\/2020\/09\/empresa-familiar-scaled.jpg&#8221; custom_margin=&#8221;0px||0px||false|false&#8221; custom_padding=&#8221;0px||0px||false|false&#8221; background_last_edited=&#8221;off|desktop&#8221; collapsed=&#8221;on&#8221;][et_pb_row column_structure=&#8221;3_4,1_4&#8243; _builder_version=&#8221;4.6.5&#8243; _module_preset=&#8221;default&#8221; custom_margin=&#8221;||||false|false&#8221; custom_padding=&#8221;30vh||0px||false|false&#8221; hover_enabled=&#8221;0&#8243; custom_padding_last_edited=&#8221;on|phone&#8221; sticky_enabled=&#8221;0&#8243; custom_padding_phone=&#8221;45vh||||false|false&#8221;][et_pb_column type=&#8221;3_4&#8243; _builder_version=&#8221;4.5.6&#8243; _module_preset=&#8221;default&#8221;][et_pb_text _builder_version=&#8221;4.5.6&#8243; _module_preset=&#8221;d15edb5e-a40b-4002-97a6-e5103cfbb476&#8243;]<\/p>\n<h1>Impulsem <span class=\"destacat\">l&#8217;evoluci\u00f3<\/span> de les organitzacions i de les <span class=\"destacat\">persones<\/span>, des del valor de l&#8217;ess\u00e8ncia i l&#8217;orientaci\u00f3 al mercat.<\/h1>\n<p>[\/et_pb_text][\/et_pb_column][et_pb_column type=&#8221;1_4&#8243; _builder_version=&#8221;4.5.6&#8243; _module_preset=&#8221;default&#8221;][\/et_pb_column][\/et_pb_row][et_pb_row column_structure=&#8221;3_4,1_4&#8243; _builder_version=&#8221;4.5.6&#8243; _module_preset=&#8221;default&#8221; custom_padding=&#8221;50px||50px||false|false&#8221;][et_pb_column type=&#8221;3_4&#8243; _builder_version=&#8221;4.5.6&#8243; _module_preset=&#8221;default&#8221;][et_pb_text _builder_version=&#8221;4.5.6&#8243; _module_preset=&#8221;d15edb5e-a40b-4002-97a6-e5103cfbb476&#8243; text_font_size=&#8221;24px&#8221;]<\/p>\n<h2>Acompanyem a Consells d&#8217;Administraci\u00f3 i a Fam\u00edlies Empres\u00e0ries en el complex repte de dirigir organitzacions en temps d&#8217;incertesa.<\/h2>\n<p>Estem acreditats com a Consultors d&#8217;Empresa Familiar.[\/et_pb_text][\/et_pb_column][et_pb_column type=&#8221;1_4&#8243; _builder_version=&#8221;4.5.6&#8243; _module_preset=&#8221;default&#8221;][\/et_pb_column][\/et_pb_row][\/et_pb_section][et_pb_section fb_built=&#8221;1&#8243; admin_label=&#8221;fons groc&#8221; _builder_version=&#8221;4.5.6&#8243; _module_preset=&#8221;default&#8221; background_color=&#8221;#589199&#8243; custom_margin=&#8221;0px||0px||false|false&#8221; custom_padding=&#8221;0vh||0vh||false|false&#8221; collapsed=&#8221;on&#8221;][et_pb_row _builder_version=&#8221;4.5.6&#8243; _module_preset=&#8221;default&#8221; background_color_gradient_direction=&#8221;225deg&#8221;][et_pb_column type=&#8221;4_4&#8243; _builder_version=&#8221;4.5.6&#8243; _module_preset=&#8221;default&#8221;][et_pb_text _builder_version=&#8221;4.5.6&#8243; _module_preset=&#8221;81c7dcbb-7831-4ade-8f95-d90f1e0d38fc&#8221;]Una <span class=\"destacat\">transformaci\u00f3<\/span> positiva i tranquil\u00b7la de les companyies, que potencia les seves persones i augmenta el seu valor.[\/et_pb_text][\/et_pb_column][\/et_pb_row][\/et_pb_section][et_pb_section fb_built=&#8221;1&#8243; admin_label=&#8221;fons blanc&#8221; _builder_version=&#8221;4.5.6&#8243; _module_preset=&#8221;default&#8221; custom_margin=&#8221;||0px||false|false&#8221; custom_padding=&#8221;50px||0px||false|false&#8221; collapsed=&#8221;on&#8221;][et_pb_row column_structure=&#8221;3_5,2_5&#8243; _builder_version=&#8221;4.5.6&#8243; _module_preset=&#8221;default&#8221; use_background_color_gradient=&#8221;on&#8221; background_color_gradient_start=&#8221;#589199&#8243; background_color_gradient_end=&#8221;rgba(0,0,0,0)&#8221; background_color_gradient_direction=&#8221;225deg&#8221; background_color_gradient_start_position=&#8221;25px&#8221; background_color_gradient_end_position=&#8221;25px&#8221; custom_margin=&#8221;5vh||0px||false|false&#8221; custom_padding=&#8221;0vh||0px||false|false&#8221;][et_pb_column type=&#8221;3_5&#8243; _builder_version=&#8221;4.5.6&#8243; _module_preset=&#8221;default&#8221;][et_pb_text _builder_version=&#8221;4.5.6&#8243; _dynamic_attributes=&#8221;content&#8221; _module_preset=&#8221;default&#8221; text_text_color=&#8221;#1dd3b0&#8243; text_font_size=&#8221;20px&#8221; custom_margin=&#8221;0px||9px||false|false&#8221;]@ET-DC@eyJkeW5hbWljIjp0cnVlLCJjb250ZW50IjoicG9zdF90aXRsZSIsInNldHRpbmdzIjp7ImJlZm9yZSI6IiIsImFmdGVyIjoiIn19@[\/et_pb_text][\/et_pb_column][et_pb_column type=&#8221;2_5&#8243; _builder_version=&#8221;4.5.6&#8243; _module_preset=&#8221;default&#8221;][\/et_pb_column][\/et_pb_row][et_pb_row column_structure=&#8221;2_3,1_3&#8243; _builder_version=&#8221;4.5.6&#8243; _module_preset=&#8221;default&#8221; background_color_gradient_direction=&#8221;225deg&#8221; custom_margin=&#8221;0px||0px||false|false&#8221; custom_padding=&#8221;0px||0px||false|false&#8221;][et_pb_column type=&#8221;2_3&#8243; _builder_version=&#8221;4.5.6&#8243; _module_preset=&#8221;default&#8221;][et_pb_text _builder_version=&#8221;4.5.6&#8243; _module_preset=&#8221;29e94d50-7797-4b46-9d7b-6b67bd580048&#8243;]<\/p>\n<h2> Projectem el futur des d&#8217;una l\u00ednia cont\u00ednua <\/h2>\n<p>[\/et_pb_text][\/et_pb_column][et_pb_column type=&#8221;1_3&#8243; _builder_version=&#8221;4.5.6&#8243; _module_preset=&#8221;default&#8221;][\/et_pb_column][\/et_pb_row][et_pb_row column_structure=&#8221;3_5,2_5&#8243; _builder_version=&#8221;4.5.6&#8243; _module_preset=&#8221;default&#8221; background_color_gradient_direction=&#8221;225deg&#8221; custom_margin=&#8221;0px|auto|0vh|auto|false|false&#8221; custom_padding=&#8221;2.5em||10vh||false|false&#8221;][et_pb_column type=&#8221;3_5&#8243; _builder_version=&#8221;4.5.6&#8243; _module_preset=&#8221;default&#8221;][et_pb_text _builder_version=&#8221;4.5.6&#8243; _module_preset=&#8221;29e94d50-7797-4b46-9d7b-6b67bd580048&#8243;]L&#8217;empresa familiar comparteix els reptes de negoci, estrat\u00e8gia i cultura com la resta d&#8217;empreses. No obstant aix\u00f2, t\u00e9 reptes espec\u00edfics com el <strong> relleu generacional <\/strong>, la <strong> professionalitzaci\u00f3 de la presa de decisions <\/strong>, la <strong> formaci\u00f3 de consellers i accionistes <\/strong>.<\/p>\n<p>En una empresa familiar l&#8217;important ha de ser preservar el valor, transformant-lo. Aquest \u00e9s el mandat de cada generaci\u00f3. Perqu\u00e8 el valor que no es transforma, inevitablement es perd. [\/et_pb_text][\/et_pb_column][et_pb_column type=&#8221;2_5&#8243; _builder_version=&#8221;4.5.6&#8243; _module_preset=&#8221;default&#8221;][\/et_pb_column][\/et_pb_row][\/et_pb_section][et_pb_section fb_built=&#8221;1&#8243; admin_label=&#8221;Fons mixt&#8221; _builder_version=&#8221;4.6.5&#8243; _module_preset=&#8221;default&#8221; use_background_color_gradient=&#8221;on&#8221; background_color_gradient_start=&#8221;rgba(0,0,0,0)&#8221; background_color_gradient_end=&#8221;#1dd3b0&#8243; background_color_gradient_direction=&#8221;90deg&#8221; background_color_gradient_start_position=&#8221;40%&#8221; background_color_gradient_end_position=&#8221;40%&#8221; background_color_phone=&#8221;#1dd3b0&#8243; background_last_edited=&#8221;on|tablet&#8221; background_enable_color_phone=&#8221;on&#8221; background_color_gradient_end_phone=&#8221;#1dd3b0&#8243; locked=&#8221;off&#8221; collapsed=&#8221;on&#8221;][et_pb_row column_structure=&#8221;1_2,1_2&#8243; _builder_version=&#8221;4.5.6&#8243; _module_preset=&#8221;default&#8221; background_color_gradient_direction=&#8221;225deg&#8221; custom_margin=&#8221;0px||0px||false|false&#8221; custom_padding=&#8221;4vh||4vh||false|false&#8221;][et_pb_column type=&#8221;1_2&#8243; _builder_version=&#8221;4.5.6&#8243; _module_preset=&#8221;default&#8221;][\/et_pb_column][et_pb_column type=&#8221;1_2&#8243; _builder_version=&#8221;4.5.6&#8243; _module_preset=&#8221;default&#8221;][et_pb_text _builder_version=&#8221;4.5.6&#8243; _module_preset=&#8221;a79c5492-d860-4180-bb67-17c0afc47b2e&#8221; header_2_font=&#8221;|600|||||||&#8221;]<\/p>\n<h2>Impactem positivament en les persones i en les seves relacions, per construir junts un nou somni<\/h2>\n<p>[\/et_pb_text][\/et_pb_column][\/et_pb_row][et_pb_row column_structure=&#8221;1_5,3_5,1_5&#8243; _builder_version=&#8221;4.5.6&#8243; _module_preset=&#8221;default&#8221; custom_margin=&#8221;|auto|5vh|auto|false|false&#8221; custom_padding=&#8221;|0px|0px|0px|false|false&#8221;][et_pb_column type=&#8221;1_5&#8243; _builder_version=&#8221;4.5.6&#8243; _module_preset=&#8221;default&#8221;][\/et_pb_column][et_pb_column type=&#8221;3_5&#8243; _builder_version=&#8221;4.5.6&#8243; _module_preset=&#8221;default&#8221;][et_pb_text _builder_version=&#8221;4.5.6&#8243; _module_preset=&#8221;a79c5492-d860-4180-bb67-17c0afc47b2e&#8221; custom_padding=&#8221;0px||50px||false|false&#8221;]<\/p>\n<p class=\"p1\"><strong>Les empreses s\u00f3n relacions entre persones.<br \/><\/strong><strong> Treballem per crear un nou model de relaci\u00f3, per implicar-les en el canvi.<\/strong><\/p>\n<p>[\/et_pb_text][et_pb_blurb image=&#8221;https:\/\/www.placonsultoria.com\/wp-content\/uploads\/\/2020\/09\/accent-logo-plaassociats.svg&#8221; _builder_version=&#8221;4.5.6&#8243; _module_preset=&#8221;f39edffc-55eb-4c24-a2d7-39fed3c6476f&#8221;]Constru\u00efm relacions positives, saludables i eficients, alineades amb l&#8217;estrat\u00e8gia de la companyia i la seva cultura.[\/et_pb_blurb][et_pb_blurb image=&#8221;https:\/\/www.placonsultoria.com\/wp-content\/uploads\/\/2020\/09\/accent-logo-plaassociats.svg&#8221; _builder_version=&#8221;4.5.6&#8243; _module_preset=&#8221;f39edffc-55eb-4c24-a2d7-39fed3c6476f&#8221; custom_margin=&#8221;||-1px||false|false&#8221;]Analitzem, entenem, tenim cura i reconstru\u00efm les relacions. [\/et_pb_blurb][et_pb_blurb image=&#8221;https:\/\/www.placonsultoria.com\/wp-content\/uploads\/\/2020\/09\/accent-logo-plaassociats.svg&#8221; _builder_version=&#8221;4.5.6&#8243; _module_preset=&#8221;f39edffc-55eb-4c24-a2d7-39fed3c6476f&#8221; custom_margin=&#8221;||-1px||false|false&#8221;]Fomentem la comunicaci\u00f3 i la col\u00b7laboraci\u00f3. Trenquem les sitges i incentivem el treball compartit i en equip.[\/et_pb_blurb][et_pb_blurb image=&#8221;https:\/\/www.placonsultoria.com\/wp-content\/uploads\/\/2020\/09\/accent-logo-plaassociats.svg&#8221; _builder_version=&#8221;4.5.6&#8243; _module_preset=&#8221;f39edffc-55eb-4c24-a2d7-39fed3c6476f&#8221; custom_margin=&#8221;||-1px||false|false&#8221;]Eliminem soroll, frens i obstacles, sempre centrats en generar un doble impacte: valor al negoci i valor a les persones.[\/et_pb_blurb][\/et_pb_column][et_pb_column type=&#8221;1_5&#8243; _builder_version=&#8221;4.5.6&#8243; _module_preset=&#8221;default&#8221;][\/et_pb_column][\/et_pb_row][\/et_pb_section][et_pb_section fb_built=&#8221;1&#8243; _builder_version=&#8221;4.5.6&#8243; _module_preset=&#8221;default&#8221; custom_margin=&#8221;0px||0px||false|false&#8221; custom_padding=&#8221;50px||50px||false|false&#8221; locked=&#8221;off&#8221;][et_pb_row column_structure=&#8221;1_3,1_3,1_3&#8243; _builder_version=&#8221;4.5.6&#8243; _module_preset=&#8221;default&#8221; custom_padding=&#8221;0vh|0px||0px|false|false&#8221;][et_pb_column type=&#8221;1_3&#8243; _builder_version=&#8221;4.5.6&#8243; _module_preset=&#8221;default&#8221;][et_pb_text _builder_version=&#8221;4.5.6&#8243; _module_preset=&#8221;29e94d50-7797-4b46-9d7b-6b67bd580048&#8243; locked=&#8221;off&#8221;]<\/p>\n<h2>Per on comen\u00e7ar?<\/h2>\n<p>[\/et_pb_text][\/et_pb_column][et_pb_column type=&#8221;1_3&#8243; _builder_version=&#8221;4.5.6&#8243; _module_preset=&#8221;default&#8221;][et_pb_text _builder_version=&#8221;4.6.5&#8243; _module_preset=&#8221;default&#8221; text_text_color=&#8221;#000000&#8243; text_font_size=&#8221;20px&#8221; text_line_height=&#8221;1.3em&#8221; header_3_font=&#8221;|700|||||||&#8221; header_3_text_color=&#8221;#000000&#8243; custom_margin=&#8221;||0px||false|false&#8221; custom_padding=&#8221;1em||||false|false&#8221; border_width_top=&#8221;2px&#8221; border_color_top=&#8221;#589199&#8243; locked=&#8221;off&#8221;]<\/p>\n<h3>Evolucionar<\/h3>\n<p>[\/et_pb_text][et_pb_text _builder_version=&#8221;4.5.6&#8243; _module_preset=&#8221;94423b13-a169-4a8a-82bf-19eb61af3007&#8243; locked=&#8221;off&#8221;]<\/p>\n<p>El prop\u00f2sit, els valors i la cultura, de la fam\u00edlia i de la companyia.<\/p>\n<p>[\/et_pb_text][\/et_pb_column][et_pb_column type=&#8221;1_3&#8243; _builder_version=&#8221;4.5.6&#8243; _module_preset=&#8221;default&#8221;][et_pb_text _builder_version=&#8221;4.5.6&#8243; _module_preset=&#8221;default&#8221; text_text_color=&#8221;#000000&#8243; text_font_size=&#8221;20px&#8221; text_line_height=&#8221;1.3em&#8221; header_3_font=&#8221;|700|||||||&#8221; header_3_text_color=&#8221;#000000&#8243; custom_margin=&#8221;||0px||false|false&#8221; custom_padding=&#8221;1em||||false|false&#8221; border_width_top=&#8221;2px&#8221; border_color_top=&#8221;#589199&#8243; locked=&#8221;off&#8221;]<\/p>\n<h3>Construir<\/h3>\n<p>[\/et_pb_text][et_pb_text _builder_version=&#8221;4.5.6&#8243; _module_preset=&#8221;94423b13-a169-4a8a-82bf-19eb61af3007&#8243; locked=&#8221;off&#8221;]<\/p>\n<p>Una visi\u00f3 compartida de futur, entre la fam\u00edlia i l&#8217;equip de direcci\u00f3.<\/p>\n<p>[\/et_pb_text][\/et_pb_column][\/et_pb_row][et_pb_row column_structure=&#8221;1_3,1_3,1_3&#8243; _builder_version=&#8221;4.5.6&#8243; _module_preset=&#8221;default&#8221;][et_pb_column type=&#8221;1_3&#8243; _builder_version=&#8221;4.5.6&#8243; _module_preset=&#8221;default&#8221;][\/et_pb_column][et_pb_column type=&#8221;1_3&#8243; _builder_version=&#8221;4.5.6&#8243; _module_preset=&#8221;default&#8221;][et_pb_text _builder_version=&#8221;4.5.6&#8243; _module_preset=&#8221;default&#8221; text_text_color=&#8221;#000000&#8243; text_font_size=&#8221;20px&#8221; text_line_height=&#8221;1.3em&#8221; header_3_font=&#8221;|700|||||||&#8221; header_3_text_color=&#8221;#000000&#8243; custom_margin=&#8221;||0px||false|false&#8221; custom_padding=&#8221;1em||||false|false&#8221; border_width_top=&#8221;2px&#8221; border_color_top=&#8221;#589199&#8243; locked=&#8221;off&#8221;]<\/p>\n<h3>Enfortir<\/h3>\n<p>[\/et_pb_text][et_pb_text _builder_version=&#8221;4.5.6&#8243; _module_preset=&#8221;94423b13-a169-4a8a-82bf-19eb61af3007&#8243; locked=&#8221;off&#8221;]<\/p>\n<p>El talent directiu, desenvolupant l&#8217;equip actual i amb noves incorporacions.<\/p>\n<p>[\/et_pb_text][\/et_pb_column][et_pb_column type=&#8221;1_3&#8243; _builder_version=&#8221;4.5.6&#8243; _module_preset=&#8221;default&#8221;][et_pb_text _builder_version=&#8221;4.5.6&#8243; _module_preset=&#8221;default&#8221; text_text_color=&#8221;#000000&#8243; text_font_size=&#8221;20px&#8221; text_line_height=&#8221;1.3em&#8221; header_3_font=&#8221;|700|||||||&#8221; header_3_text_color=&#8221;#000000&#8243; custom_margin=&#8221;||0px||false|false&#8221; custom_padding=&#8221;1em||||false|false&#8221; border_width_top=&#8221;2px&#8221; border_color_top=&#8221;#589199&#8243; locked=&#8221;off&#8221;]<\/p>\n<h3>Revisar\u00a0<\/h3>\n<p>[\/et_pb_text][et_pb_text _builder_version=&#8221;4.5.6&#8243; _module_preset=&#8221;94423b13-a169-4a8a-82bf-19eb61af3007&#8243; locked=&#8221;off&#8221;]<\/p>\n<p>La proposta de valor, per seguir sent rendibles i competitius, en un nou context de mercat.<\/p>\n<p>[\/et_pb_text][\/et_pb_column][\/et_pb_row][\/et_pb_section][et_pb_section fb_built=&#8221;1&#8243; admin_label=&#8221;Retos&#8221; _builder_version=&#8221;4.5.6&#8243; _module_preset=&#8221;default&#8221; background_color=&#8221;#ced6c7&#8243; custom_padding=&#8221;0px||50px||false|false&#8221; animation_style=&#8221;fade&#8221; animation_delay=&#8221;200ms&#8221; motion_trigger_start=&#8221;top&#8221; locked=&#8221;off&#8221; collapsed=&#8221;off&#8221;][et_pb_row column_structure=&#8221;3_5,2_5&#8243; _builder_version=&#8221;4.5.6&#8243; _module_preset=&#8221;default&#8221; background_color_gradient_direction=&#8221;225deg&#8221; custom_margin=&#8221;0px||0px||false|false&#8221; custom_padding=&#8221;50px||25px||false|false&#8221; locked=&#8221;off&#8221;][et_pb_column type=&#8221;3_5&#8243; _builder_version=&#8221;4.5.6&#8243; _module_preset=&#8221;default&#8221;][et_pb_text _builder_version=&#8221;4.5.6&#8243; _module_preset=&#8221;default&#8221; header_2_font=&#8221;|300|||||||&#8221; header_2_font_size=&#8221;40px&#8221; header_3_text_color=&#8221;#000000&#8243; custom_padding=&#8221;0px||10px||false|false&#8221;]<\/p>\n<h2><strong>Com podem ajudar-te?<\/strong><br \/> Qu\u00e8 podem aportar-te?<\/h2>\n<p>[\/et_pb_text][\/et_pb_column][et_pb_column type=&#8221;2_5&#8243; _builder_version=&#8221;4.5.6&#8243; _module_preset=&#8221;default&#8221;][\/et_pb_column][\/et_pb_row][et_pb_row column_structure=&#8221;1_3,1_3,1_3&#8243; _builder_version=&#8221;4.5.6&#8243; _module_preset=&#8221;default&#8221; custom_margin=&#8221;|auto|3em|auto|false|false&#8221; custom_padding=&#8221;0px|0px|0px|0px|false|false&#8221;][et_pb_column type=&#8221;1_3&#8243; _builder_version=&#8221;4.5.6&#8243; _module_preset=&#8221;default&#8221;][et_pb_text module_class=&#8221;pregunta-title&#8221; _builder_version=&#8221;4.5.6&#8243; _module_preset=&#8221;default&#8221; text_text_color=&#8221;#000000&#8243; text_font_size=&#8221;20px&#8221; text_line_height=&#8221;1.3em&#8221; header_3_text_color=&#8221;#000000&#8243; custom_margin=&#8221;||0px||false|false&#8221; custom_padding=&#8221;1em||||false|false&#8221; border_width_top=&#8221;2px&#8221; border_color_top=&#8221;#589199&#8243;]<\/p>\n<h3><strong>Una visi\u00f3 <\/strong><br \/> independent<br \/>\ni experta<\/h3>\n<p>[\/et_pb_text][et_pb_text module_class=&#8221;pregunta1&#8243; _builder_version=&#8221;4.5.6&#8243; _module_preset=&#8221;default&#8221;]<\/p>\n<p class=\"p1\">Coneixem b\u00e9 i de primera m\u00e0 la complexitat de l&#8217;empresa familiar. all\u00f2 que \u00e9s bo, que \u00e9s molt, i el que \u00e9s complex. Tenim experi\u00e8ncia en organitzacions amb models de gesti\u00f3 molt diferents. Sumarem a un diagn\u00f2stic independent tota l&#8217;experi\u00e8ncia que tenim per aportar criteri i solucions en l&#8217;acompanyament.<\/p>\n<p>[\/et_pb_text][\/et_pb_column][et_pb_column type=&#8221;1_3&#8243; _builder_version=&#8221;4.5.6&#8243; _module_preset=&#8221;default&#8221;][et_pb_text module_class=&#8221;pregunta-title&#8221; _builder_version=&#8221;4.5.6&#8243; _module_preset=&#8221;default&#8221; text_text_color=&#8221;#000000&#8243; text_font_size=&#8221;20px&#8221; text_line_height=&#8221;1.3em&#8221; header_3_text_color=&#8221;#000000&#8243; custom_margin=&#8221;||0px||false|false&#8221; custom_padding=&#8221;1em||||false|false&#8221; border_width_top=&#8221;2px&#8221; border_color_top=&#8221;#589199&#8243;]<\/p>\n<h3><strong>Acompanyament <\/strong><br \/>com a factor accelerador<\/h3>\n<p>[\/et_pb_text][et_pb_text module_class=&#8221;pregunta1&#8243; _builder_version=&#8221;4.5.6&#8243; _module_preset=&#8221;default&#8221;]<\/p>\n<p class=\"p1\">Estem a la teva disposici\u00f3 el temps que necessitis. Perqu\u00e8 sabem que acompanyar, de vegades com a mentor, de vegades com a coach, accelera el desenvolupament de les persones i les empodera en la presa de decisions.<\/p>\n<p>[\/et_pb_text][\/et_pb_column][et_pb_column type=&#8221;1_3&#8243; _builder_version=&#8221;4.5.6&#8243; _module_preset=&#8221;default&#8221;][\/et_pb_column][\/et_pb_row][et_pb_row column_structure=&#8221;1_3,1_3,1_3&#8243; _builder_version=&#8221;4.5.6&#8243; _module_preset=&#8221;default&#8221; custom_margin=&#8221;|auto|3em|auto|false|false&#8221; custom_padding=&#8221;0px|0px|0px|0px|false|false&#8221;][et_pb_column type=&#8221;1_3&#8243; _builder_version=&#8221;4.5.6&#8243; _module_preset=&#8221;default&#8221;][et_pb_text module_class=&#8221;pregunta-title&#8221; _builder_version=&#8221;4.5.6&#8243; _module_preset=&#8221;default&#8221; text_text_color=&#8221;#000000&#8243; text_font_size=&#8221;20px&#8221; text_line_height=&#8221;1.3em&#8221; header_3_text_color=&#8221;#000000&#8243; custom_margin=&#8221;||0px||false|false&#8221; custom_padding=&#8221;1em||||false|false&#8221; border_width_top=&#8221;2px&#8221; border_color_top=&#8221;#589199&#8243;]<\/p>\n<h3>Intervenci\u00f3 global.<br \/> <strong>Impacte positiu<\/strong><\/h3>\n<p>[\/et_pb_text][et_pb_text module_class=&#8221;pregunta1&#8243; _builder_version=&#8221;4.5.6&#8243; _module_preset=&#8221;default&#8221;]<\/p>\n<p class=\"p1\"><span class=\"s1\">Cada empresa \u00e9s \u00fanica. Cada persona \u00e9s \u00fanica. I<\/span>sabem que per generar un canvi real hem de treballar des d&#8217;aquesta individualitat, per\u00f2 amb una visi\u00f3 sist\u00e8mica i de conjunt, en totes les \u00e0rees i departaments de la companyia.<span class=\"Apple-converted-space\">\u00a0 <\/span>Sempre respectant l&#8217;ess\u00e8ncia.<\/p>\n<p>[\/et_pb_text][\/et_pb_column][et_pb_column type=&#8221;1_3&#8243; _builder_version=&#8221;4.5.6&#8243; _module_preset=&#8221;default&#8221;][et_pb_text module_class=&#8221;pregunta-title&#8221; _builder_version=&#8221;4.5.6&#8243; _module_preset=&#8221;default&#8221; text_text_color=&#8221;#000000&#8243; text_font_size=&#8221;20px&#8221; text_line_height=&#8221;1.3em&#8221; header_3_text_color=&#8221;#000000&#8243; custom_margin=&#8221;||0px||false|false&#8221; custom_padding=&#8221;1em||||false|false&#8221; border_width_top=&#8221;2px&#8221; border_color_top=&#8221;#589199&#8243;]<\/p>\n<h3><strong>Una metodologia<\/strong><br \/> fiable i flexible<\/h3>\n<p>[\/et_pb_text][et_pb_text module_class=&#8221;pregunta1&#8243; _builder_version=&#8221;4.5.6&#8243; _module_preset=&#8221;default&#8221;]<\/p>\n<p class=\"p1\">Estem acreditats per l&#8217;Institut Nexia com a Consultors d&#8217;Empresa Familiar. Apliquem una metodologia pr\u00f2pia, basada en la intervenci\u00f3 des del primer dia, adaptada per respectar i facilitar la interacci\u00f3 fam\u00edlia-empresa, de forma flu\u00efda i positiva.\u00a0<\/p>\n<p>[\/et_pb_text][\/et_pb_column][et_pb_column type=&#8221;1_3&#8243; _builder_version=&#8221;4.5.6&#8243; _module_preset=&#8221;default&#8221;][\/et_pb_column][\/et_pb_row][\/et_pb_section][et_pb_section fb_built=&#8221;1&#8243; module_id=&#8221;reptes&#8221; module_class=&#8221;retos&#8221; _builder_version=&#8221;4.5.6&#8243; _module_preset=&#8221;default&#8221; custom_padding=&#8221;0px|||||&#8221; collapsed=&#8221;on&#8221;][et_pb_row column_structure=&#8221;2_5,3_5&#8243; _builder_version=&#8221;4.5.6&#8243; _module_preset=&#8221;default&#8221; use_background_color_gradient=&#8221;on&#8221; background_color_gradient_start=&#8221;#589199&#8243; background_color_gradient_end=&#8221;rgba(0,0,0,0)&#8221; background_color_gradient_direction=&#8221;45deg&#8221; background_color_gradient_start_position=&#8221;25px&#8221; background_color_gradient_end_position=&#8221;25px&#8221; custom_margin=&#8221;0px||100px||false|false&#8221; custom_padding=&#8221;50px|0px|0px|0px|false|false&#8221;][et_pb_column type=&#8221;2_5&#8243; _builder_version=&#8221;4.5.6&#8243; _module_preset=&#8221;default&#8221; custom_padding=&#8221;19px||||false|false&#8221;][et_pb_text _builder_version=&#8221;4.5.6&#8243; _module_preset=&#8221;29e94d50-7797-4b46-9d7b-6b67bd580048&#8243;]<\/p>\n<h2>Ens agradaria molt col\u00b7laborar amb tu<\/h2>\n<p>[\/et_pb_text][et_pb_text _builder_version=&#8221;4.5.6&#8243; _module_preset=&#8221;29e94d50-7797-4b46-9d7b-6b67bd580048&#8243;]<\/p>\n<p>Contacta&#8217;ns i estarem encantats d&#8217;ampliar-te m\u00e9s detalls sobre els nostres projectes.<\/p>\n<p>[\/et_pb_text][\/et_pb_column][et_pb_column type=&#8221;3_5&#8243; _builder_version=&#8221;4.5.6&#8243; _module_preset=&#8221;default&#8221;][et_pb_wpt_gravityform gravityform_id=&#8221;gf-4&#8243; title=&#8221;off&#8221; description=&#8221;off&#8221; ajax=&#8221;on&#8221; _builder_version=&#8221;4.5.6&#8243; _module_preset=&#8221;default&#8221;][\/et_pb_wpt_gravityform][\/et_pb_column][\/et_pb_row][\/et_pb_section]<\/p>\n","protected":false},"excerpt":{"rendered":"<p>Impulsem l&#8217;evoluci\u00f3 de les organitzacions i de les persones, des del valor de l&#8217;ess\u00e8ncia i l&#8217;orientaci\u00f3 al mercat.Acompanyem a Consells d&#8217;Administraci\u00f3 i a Fam\u00edlies Empres\u00e0ries en el complex repte de dirigir organitzacions en temps d&#8217;incertesa. Estem acreditats com a Consultors d&#8217;Empresa Familiar.Una transformaci\u00f3 positiva i tranquil\u00b7la de les companyies, que potencia les seves persones i [&hellip;]<\/p>\n","protected":false},"author":1,"featured_media":0,"parent":0,"menu_order":0,"comment_status":"closed","ping_status":"closed","template":"","meta":{"_et_pb_use_builder":"on","_et_pb_old_content":"","_et_gb_content_width":"","inline_featured_image":false,"footnotes":""},"class_list":["post-4042","page","type-page","status-publish","hentry"],"_links":{"self":[{"href":"https:\/\/www.placonsultoria.com\/ca\/wp-json\/wp\/v2\/pages\/4042","targetHints":{"allow":["GET"]}}],"collection":[{"href":"https:\/\/www.placonsultoria.com\/ca\/wp-json\/wp\/v2\/pages"}],"about":[{"href":"https:\/\/www.placonsultoria.com\/ca\/wp-json\/wp\/v2\/types\/page"}],"author":[{"embeddable":true,"href":"https:\/\/www.placonsultoria.com\/ca\/wp-json\/wp\/v2\/users\/1"}],"replies":[{"embeddable":true,"href":"https:\/\/www.placonsultoria.com\/ca\/wp-json\/wp\/v2\/comments?post=4042"}],"version-history":[{"count":15,"href":"https:\/\/www.placonsultoria.com\/ca\/wp-json\/wp\/v2\/pages\/4042\/revisions"}],"predecessor-version":[{"id":4155,"href":"https:\/\/www.placonsultoria.com\/ca\/wp-json\/wp\/v2\/pages\/4042\/revisions\/4155"}],"wp:attachment":[{"href":"https:\/\/www.placonsultoria.com\/ca\/wp-json\/wp\/v2\/media?parent=4042"}],"curies":[{"name":"wp","href":"https:\/\/api.w.org\/{rel}","templated":true}]}}